{"id":334,"date":"2023-05-22T18:32:23","date_gmt":"2023-05-22T18:32:23","guid":{"rendered":"https:\/\/www.friseur-rombach.de\/?page_id=334"},"modified":"2025-04-11T19:26:18","modified_gmt":"2025-04-11T18:26:18","slug":"friseur-rombach-kirchzarten","status":"publish","type":"page","link":"https:\/\/www.friseur-rombach.de\/","title":{"rendered":"Friseur Rombach"},"content":{"rendered":"\t\t<div data-elementor-type=\"wp-page\" data-elementor-id=\"334\" class=\"elementor elementor-334\">\n\t\t\t\t\t\t<header class=\"elementor-section elementor-top-section elementor-element elementor-element-314bc5b elementor-section-content-middle animated-slow elementor-section-stretched elementor-section-full_width elementor-section-height-default elementor-section-height-default\" data-id=\"314bc5b\" data-element_type=\"section\" data-e-type=\"section\" data-settings=\"{&quot;background_background&quot;:&quot;gradient&quot;,&quot;animation&quot;:&quot;none&quot;,&quot;animation_delay&quot;:100,&quot;stretch_section&quot;:&quot;section-stretched&quot;}\">\n\t\t\t\t\t\t<div class=\"elementor-container elementor-column-gap-default\">\n\t\t\t\t\t<div class=\"elementor-column elementor-col-100 elementor-top-column elementor-element elementor-element-6d9f6740\" data-id=\"6d9f6740\" data-element_type=\"column\" data-e-type=\"column\">\n\t\t\t<div class=\"elementor-widget-wrap elementor-element-populated\">\n\t\t\t\t\t\t<section class=\"elementor-section elementor-inner-section elementor-element elementor-element-2b29828 elementor-section-full_width elementor-section-content-middle elementor-section-height-default elementor-section-height-default\" data-id=\"2b29828\" data-element_type=\"section\" data-e-type=\"section\">\n\t\t\t\t\t\t<div class=\"elementor-container elementor-column-gap-wide\">\n\t\t\t\t\t<div class=\"elementor-column elementor-col-33 elementor-inner-column elementor-element elementor-element-9b4446b\" data-id=\"9b4446b\" data-element_type=\"column\" data-e-type=\"column\">\n\t\t\t<div class=\"elementor-widget-wrap elementor-element-populated\">\n\t\t\t\t\t\t<div class=\"elementor-element elementor-element-1d7b7aeb elementor-widget__width-initial elementor-widget-tablet__width-initial elementor-widget elementor-widget-site-logo\" data-id=\"1d7b7aeb\" data-element_type=\"widget\" data-e-type=\"widget\" data-settings=\"{&quot;width&quot;:{&quot;unit&quot;:&quot;%&quot;,&quot;size&quot;:100,&quot;sizes&quot;:[]},&quot;space&quot;:{&quot;unit&quot;:&quot;%&quot;,&quot;size&quot;:100,&quot;sizes&quot;:[]},&quot;width_mobile&quot;:{&quot;unit&quot;:&quot;%&quot;,&quot;size&quot;:100,&quot;sizes&quot;:[]},&quot;align&quot;:&quot;left&quot;,&quot;align_mobile&quot;:&quot;center&quot;,&quot;width_tablet&quot;:{&quot;unit&quot;:&quot;%&quot;,&quot;size&quot;:100,&quot;sizes&quot;:[]},&quot;space_tablet&quot;:{&quot;unit&quot;:&quot;%&quot;,&quot;size&quot;:100,&quot;sizes&quot;:[]},&quot;_animation&quot;:&quot;none&quot;,&quot;image_border_radius&quot;:{&quot;unit&quot;:&quot;px&quot;,&quot;top&quot;:&quot;0&quot;,&quot;right&quot;:&quot;0&quot;,&quot;bottom&quot;:&quot;0&quot;,&quot;left&quot;:&quot;0&quot;,&quot;isLinked&quot;:true},&quot;space_mobile&quot;:{&quot;unit&quot;:&quot;%&quot;,&quot;size&quot;:&quot;&quot;,&quot;sizes&quot;:[]},&quot;image_border_radius_tablet&quot;:{&quot;unit&quot;:&quot;px&quot;,&quot;top&quot;:&quot;&quot;,&quot;right&quot;:&quot;&quot;,&quot;bottom&quot;:&quot;&quot;,&quot;left&quot;:&quot;&quot;,&quot;isLinked&quot;:true},&quot;image_border_radius_mobile&quot;:{&quot;unit&quot;:&quot;px&quot;,&quot;top&quot;:&quot;&quot;,&quot;right&quot;:&quot;&quot;,&quot;bottom&quot;:&quot;&quot;,&quot;left&quot;:&quot;&quot;,&quot;isLinked&quot;:true},&quot;caption_padding&quot;:{&quot;unit&quot;:&quot;px&quot;,&quot;top&quot;:&quot;&quot;,&quot;right&quot;:&quot;&quot;,&quot;bottom&quot;:&quot;&quot;,&quot;left&quot;:&quot;&quot;,&quot;isLinked&quot;:true},&quot;caption_padding_tablet&quot;:{&quot;unit&quot;:&quot;px&quot;,&quot;top&quot;:&quot;&quot;,&quot;right&quot;:&quot;&quot;,&quot;bottom&quot;:&quot;&quot;,&quot;left&quot;:&quot;&quot;,&quot;isLinked&quot;:true},&quot;caption_padding_mobile&quot;:{&quot;unit&quot;:&quot;px&quot;,&quot;top&quot;:&quot;&quot;,&quot;right&quot;:&quot;&quot;,&quot;bottom&quot;:&quot;&quot;,&quot;left&quot;:&quot;&quot;,&quot;isLinked&quot;:true},&quot;caption_space&quot;:{&quot;unit&quot;:&quot;px&quot;,&quot;size&quot;:0,&quot;sizes&quot;:[]},&quot;caption_space_tablet&quot;:{&quot;unit&quot;:&quot;px&quot;,&quot;size&quot;:&quot;&quot;,&quot;sizes&quot;:[]},&quot;caption_space_mobile&quot;:{&quot;unit&quot;:&quot;px&quot;,&quot;size&quot;:&quot;&quot;,&quot;sizes&quot;:[]}}\" data-widget_type=\"site-logo.default\">\n\t\t\t\t<div class=\"elementor-widget-container\">\n\t\t\t\t\t\t\t<div class=\"hfe-site-logo\">\n\t\t\t\t\t\t\t\t\t\t\t\t\t<a data-elementor-open-lightbox=\"\"  class='elementor-clickable' href=\"#Start\">\n\t\t\t\t\t\t\t<div class=\"hfe-site-logo-set\">           \n\t\t\t\t<div class=\"hfe-site-logo-container\">\n\t\t\t\t\t\t\t\t\t<img decoding=\"async\" class=\"hfe-site-logo-img elementor-animation-\"  src=\"https:\/\/www.friseur-rombach.de\/wp-content\/uploads\/2023\/06\/Friseur-Rombach-Logo-brown-01.png\" alt=\"Friseur-Rombach-Logo-brown-01\"\/>\n\t\t\t\t<\/div>\n\t\t\t<\/div>\n\t\t\t\t\t\t\t<\/a>\n\t\t\t\t\t\t<\/div>  \n\t\t\t\t\t\t\t<\/div>\n\t\t\t\t<\/div>\n\t\t\t\t\t<\/div>\n\t\t<\/div>\n\t\t\t\t<nav class=\"elementor-column elementor-col-33 elementor-inner-column elementor-element elementor-element-7187958\" data-id=\"7187958\" data-element_type=\"column\" data-e-type=\"column\">\n\t\t\t<div class=\"elementor-widget-wrap elementor-element-populated\">\n\t\t\t\t\t\t<div class=\"elementor-element elementor-element-477e48e hfe-nav-menu__align-right hfe-submenu-icon-classic elementor-widget__width-initial elementor-widget-tablet__width-initial elementor-widget-mobile__width-initial hfe-submenu-animation-none hfe-link-redirect-child hfe-nav-menu__breakpoint-tablet elementor-widget elementor-widget-navigation-menu\" data-id=\"477e48e\" data-element_type=\"widget\" data-e-type=\"widget\" data-settings=\"{&quot;padding_vertical_menu_item&quot;:{&quot;unit&quot;:&quot;px&quot;,&quot;size&quot;:6,&quot;sizes&quot;:[]},&quot;padding_horizontal_menu_item&quot;:{&quot;unit&quot;:&quot;px&quot;,&quot;size&quot;:11,&quot;sizes&quot;:[]},&quot;padding_horizontal_menu_item_mobile&quot;:{&quot;unit&quot;:&quot;px&quot;,&quot;size&quot;:0,&quot;sizes&quot;:[]},&quot;padding_vertical_menu_item_mobile&quot;:{&quot;unit&quot;:&quot;px&quot;,&quot;size&quot;:0,&quot;sizes&quot;:[]},&quot;dropdown_border_radius_mobile&quot;:{&quot;unit&quot;:&quot;px&quot;,&quot;top&quot;:&quot;8&quot;,&quot;right&quot;:&quot;8&quot;,&quot;bottom&quot;:&quot;8&quot;,&quot;left&quot;:&quot;8&quot;,&quot;isLinked&quot;:true},&quot;width_dropdown_item_mobile&quot;:{&quot;unit&quot;:&quot;px&quot;,&quot;size&quot;:70,&quot;sizes&quot;:[]},&quot;padding_horizontal_dropdown_item_mobile&quot;:{&quot;unit&quot;:&quot;px&quot;,&quot;size&quot;:10,&quot;sizes&quot;:[]},&quot;distance_from_menu_mobile&quot;:{&quot;unit&quot;:&quot;px&quot;,&quot;size&quot;:-2,&quot;sizes&quot;:[]},&quot;toggle_size&quot;:{&quot;unit&quot;:&quot;px&quot;,&quot;size&quot;:15,&quot;sizes&quot;:[]},&quot;toggle_size_tablet&quot;:{&quot;unit&quot;:&quot;px&quot;,&quot;size&quot;:49,&quot;sizes&quot;:[]},&quot;toggle_size_mobile&quot;:{&quot;unit&quot;:&quot;px&quot;,&quot;size&quot;:30,&quot;sizes&quot;:[]},&quot;toggle_border_width_tablet&quot;:{&quot;unit&quot;:&quot;px&quot;,&quot;size&quot;:0,&quot;sizes&quot;:[]},&quot;_animation&quot;:&quot;none&quot;,&quot;padding_horizontal_menu_item_tablet&quot;:{&quot;unit&quot;:&quot;px&quot;,&quot;size&quot;:&quot;&quot;,&quot;sizes&quot;:[]},&quot;padding_vertical_menu_item_tablet&quot;:{&quot;unit&quot;:&quot;px&quot;,&quot;size&quot;:&quot;&quot;,&quot;sizes&quot;:[]},&quot;menu_space_between&quot;:{&quot;unit&quot;:&quot;px&quot;,&quot;size&quot;:&quot;&quot;,&quot;sizes&quot;:[]},&quot;menu_space_between_tablet&quot;:{&quot;unit&quot;:&quot;px&quot;,&quot;size&quot;:&quot;&quot;,&quot;sizes&quot;:[]},&quot;menu_space_between_mobile&quot;:{&quot;unit&quot;:&quot;px&quot;,&quot;size&quot;:&quot;&quot;,&quot;sizes&quot;:[]},&quot;menu_row_space&quot;:{&quot;unit&quot;:&quot;px&quot;,&quot;size&quot;:&quot;&quot;,&quot;sizes&quot;:[]},&quot;menu_row_space_tablet&quot;:{&quot;unit&quot;:&quot;px&quot;,&quot;size&quot;:&quot;&quot;,&quot;sizes&quot;:[]},&quot;menu_row_space_mobile&quot;:{&quot;unit&quot;:&quot;px&quot;,&quot;size&quot;:&quot;&quot;,&quot;sizes&quot;:[]},&quot;dropdown_border_radius&quot;:{&quot;unit&quot;:&quot;px&quot;,&quot;top&quot;:&quot;&quot;,&quot;right&quot;:&quot;&quot;,&quot;bottom&quot;:&quot;&quot;,&quot;left&quot;:&quot;&quot;,&quot;isLinked&quot;:true},&quot;dropdown_border_radius_tablet&quot;:{&quot;unit&quot;:&quot;px&quot;,&quot;top&quot;:&quot;&quot;,&quot;right&quot;:&quot;&quot;,&quot;bottom&quot;:&quot;&quot;,&quot;left&quot;:&quot;&quot;,&quot;isLinked&quot;:true},&quot;width_dropdown_item&quot;:{&quot;unit&quot;:&quot;px&quot;,&quot;size&quot;:&quot;220&quot;,&quot;sizes&quot;:[]},&quot;width_dropdown_item_tablet&quot;:{&quot;unit&quot;:&quot;px&quot;,&quot;size&quot;:&quot;&quot;,&quot;sizes&quot;:[]},&quot;padding_horizontal_dropdown_item&quot;:{&quot;unit&quot;:&quot;px&quot;,&quot;size&quot;:&quot;&quot;,&quot;sizes&quot;:[]},&quot;padding_horizontal_dropdown_item_tablet&quot;:{&quot;unit&quot;:&quot;px&quot;,&quot;size&quot;:&quot;&quot;,&quot;sizes&quot;:[]},&quot;padding_vertical_dropdown_item&quot;:{&quot;unit&quot;:&quot;px&quot;,&quot;size&quot;:15,&quot;sizes&quot;:[]},&quot;padding_vertical_dropdown_item_tablet&quot;:{&quot;unit&quot;:&quot;px&quot;,&quot;size&quot;:&quot;&quot;,&quot;sizes&quot;:[]},&quot;padding_vertical_dropdown_item_mobile&quot;:{&quot;unit&quot;:&quot;px&quot;,&quot;size&quot;:&quot;&quot;,&quot;sizes&quot;:[]},&quot;distance_from_menu&quot;:{&quot;unit&quot;:&quot;px&quot;,&quot;size&quot;:&quot;&quot;,&quot;sizes&quot;:[]},&quot;distance_from_menu_tablet&quot;:{&quot;unit&quot;:&quot;px&quot;,&quot;size&quot;:&quot;&quot;,&quot;sizes&quot;:[]},&quot;toggle_border_width&quot;:{&quot;unit&quot;:&quot;px&quot;,&quot;size&quot;:&quot;&quot;,&quot;sizes&quot;:[]},&quot;toggle_border_width_mobile&quot;:{&quot;unit&quot;:&quot;px&quot;,&quot;size&quot;:&quot;&quot;,&quot;sizes&quot;:[]},&quot;toggle_border_radius&quot;:{&quot;unit&quot;:&quot;px&quot;,&quot;size&quot;:&quot;&quot;,&quot;sizes&quot;:[]},&quot;toggle_border_radius_tablet&quot;:{&quot;unit&quot;:&quot;px&quot;,&quot;size&quot;:&quot;&quot;,&quot;sizes&quot;:[]},&quot;toggle_border_radius_mobile&quot;:{&quot;unit&quot;:&quot;px&quot;,&quot;size&quot;:&quot;&quot;,&quot;sizes&quot;:[]}}\" data-widget_type=\"navigation-menu.default\">\n\t\t\t\t<div class=\"elementor-widget-container\">\n\t\t\t\t\t\t\t\t<div class=\"hfe-nav-menu hfe-layout-horizontal hfe-nav-menu-layout horizontal hfe-pointer__underline hfe-animation__fade\" data-layout=\"horizontal\">\n\t\t\t\t<div role=\"button\" class=\"hfe-nav-menu__toggle elementor-clickable\" tabindex=\"0\" aria-label=\"Menu Toggle\">\n\t\t\t\t\t<span class=\"screen-reader-text\">Men\u00fc<\/span>\n\t\t\t\t\t<div class=\"hfe-nav-menu-icon\">\n\t\t\t\t\t\t<i aria-hidden=\"true\"  class=\"fas fa-align-justify\"><\/i>\t\t\t\t\t<\/div>\n\t\t\t\t<\/div>\n\t\t\t\t<nav itemscope=\"itemscope\" itemtype=\"https:\/\/schema.org\/SiteNavigationElement\" class=\"hfe-nav-menu__layout-horizontal hfe-nav-menu__submenu-classic\" data-toggle-icon=\"&lt;i aria-hidden=&quot;true&quot; tabindex=&quot;0&quot; class=&quot;fas fa-align-justify&quot;&gt;&lt;\/i&gt;\" data-close-icon=\"&lt;i aria-hidden=&quot;true&quot; tabindex=&quot;0&quot; class=&quot;far fa-window-close&quot;&gt;&lt;\/i&gt;\" data-full-width=\"yes\">\n\t\t\t\t\t<ul id=\"menu-1-477e48e\" class=\"hfe-nav-menu\"><li id=\"menu-item-430\" itemprop=\"name\" class=\"menu-item menu-item-type-custom menu-item-object-custom parent hfe-creative-menu\"><a href=\"#Team\" itemprop=\"url\" class = \"hfe-menu-item\">Team<\/a><\/li>\n<li id=\"menu-item-433\" itemprop=\"name\" class=\"menu-item menu-item-type-custom menu-item-object-custom parent hfe-creative-menu\"><a href=\"#start\" itemprop=\"url\" class = \"hfe-menu-item\">\u00dcber uns<\/a><\/li>\n<li id=\"menu-item-402\" itemprop=\"name\" class=\"menu-item menu-item-type-custom menu-item-object-custom parent hfe-creative-menu\"><a href=\"#Salon\" itemprop=\"url\" class = \"hfe-menu-item\">Salon<\/a><\/li>\n<li id=\"menu-item-431\" itemprop=\"name\" class=\"menu-item menu-item-type-custom menu-item-object-custom parent hfe-creative-menu\"><a href=\"#Leistungen\" itemprop=\"url\" class = \"hfe-menu-item\">Leistungen<\/a><\/li>\n<li id=\"menu-item-432\" itemprop=\"name\" class=\"menu-item menu-item-type-custom menu-item-object-custom menu-item-has-children parent hfe-has-submenu hfe-creative-menu\"><div class=\"hfe-has-submenu-container\" tabindex=\"0\" role=\"button\" aria-haspopup=\"true\" aria-expanded=\"false\"><a href=\"#kontakt\" itemprop=\"url\" class = \"hfe-menu-item\">Kontakt<span class='hfe-menu-toggle sub-arrow hfe-menu-child-0'><i class='fa'><\/i><\/span><\/a><\/div>\n<ul class=\"sub-menu\">\n\t<li id=\"menu-item-437\" itemprop=\"name\" class=\"menu-item menu-item-type-custom menu-item-object-custom hfe-creative-menu\"><a href=\"#impressum\" itemprop=\"url\" class = \"hfe-sub-menu-item\">impressum<\/a><\/li>\n\t<li id=\"menu-item-438\" itemprop=\"name\" class=\"menu-item menu-item-type-custom menu-item-object-custom hfe-creative-menu\"><a href=\"#datenschutz\" itemprop=\"url\" class = \"hfe-sub-menu-item\">Datenschutz<\/a><\/li>\n<\/ul>\n<\/li>\n<\/ul> \n\t\t\t\t<\/nav>\n\t\t\t<\/div>\n\t\t\t\t\t\t\t<\/div>\n\t\t\t\t<\/div>\n\t\t\t\t\t<\/div>\n\t\t<\/nav>\n\t\t\t\t<div class=\"elementor-column elementor-col-33 elementor-inner-column elementor-element elementor-element-0863902\" data-id=\"0863902\" data-element_type=\"column\" data-e-type=\"column\">\n\t\t\t<div class=\"elementor-widget-wrap elementor-element-populated\">\n\t\t\t\t\t\t<div class=\"elementor-element elementor-element-00f6986 elementor-align-left elementor-mobile-align-center elementor-widget__width-initial elementor-widget-tablet__width-initial elementor-widget elementor-widget-button\" data-id=\"00f6986\" data-element_type=\"widget\" data-e-type=\"widget\" data-settings=\"{&quot;_animation&quot;:&quot;none&quot;,&quot;_animation_mobile&quot;:&quot;fadeInDown&quot;}\" data-widget_type=\"button.default\">\n\t\t\t\t<div class=\"elementor-widget-container\">\n\t\t\t\t\t\t\t\t\t<div class=\"elementor-button-wrapper\">\n\t\t\t\t\t<a class=\"elementor-button elementor-button-link elementor-size-xs\" href=\"https:\/\/www.studiobookr.com\/friseur-rombach-66009\">\n\t\t\t\t\t\t<span class=\"elementor-button-content-wrapper\">\n\t\t\t\t\t\t\t\t\t<span class=\"elementor-button-text\">Termin Buchen<\/span>\n\t\t\t\t\t<\/span>\n\t\t\t\t\t<\/a>\n\t\t\t\t<\/div>\n\t\t\t\t\t\t\t\t<\/div>\n\t\t\t\t<\/div>\n\t\t\t\t\t<\/div>\n\t\t<\/div>\n\t\t\t\t\t<\/div>\n\t\t<\/section>\n\t\t\t\t\t<\/div>\n\t\t<\/div>\n\t\t\t\t\t<\/div>\n\t\t<\/header>\n\t\t\t\t<section class=\"elementor-section elementor-top-section elementor-element elementor-element-3f644dd2 Header elementor-section-height-min-height elementor-section-full_width elementor-section-stretched elementor-section-height-default elementor-section-items-middle\" data-id=\"3f644dd2\" data-element_type=\"section\" data-e-type=\"section\" id=\"Start\" data-settings=\"{&quot;background_background&quot;:&quot;classic&quot;,&quot;stretch_section&quot;:&quot;section-stretched&quot;}\">\n\t\t\t\t\t\t\t<div class=\"elementor-background-overlay\"><\/div>\n\t\t\t\t\t\t\t<div class=\"elementor-container elementor-column-gap-default\">\n\t\t\t\t\t<div class=\"elementor-column elementor-col-100 elementor-top-column elementor-element elementor-element-172cb8f2\" data-id=\"172cb8f2\" data-element_type=\"column\" data-e-type=\"column\">\n\t\t\t<div class=\"elementor-widget-wrap elementor-element-populated\">\n\t\t\t\t\t\t<div class=\"elementor-element elementor-element-0e67741 animated-fast elementor-hidden-tablet elementor-hidden-mobile elementor-widget elementor-widget-image\" data-id=\"0e67741\" data-element_type=\"widget\" data-e-type=\"widget\" data-settings=\"{&quot;_animation&quot;:&quot;none&quot;}\" data-widget_type=\"image.default\">\n\t\t\t\t<div class=\"elementor-widget-container\">\n\t\t\t\t\t\t\t\t\t\t\t\t\t\t\t<img decoding=\"async\" src=\"https:\/\/www.friseur-rombach.de\/wp-content\/uploads\/2023\/06\/Bildmarke_braun.png\" title=\"Bildmarke_braun\" alt=\"Bildmarke_braun\" loading=\"lazy\" \/>\t\t\t\t\t\t\t\t\t\t\t\t\t\t\t<\/div>\n\t\t\t\t<\/div>\n\t\t\t\t<div class=\"elementor-element elementor-element-5b28db0 elementor-widget__width-inherit elementor-absolute elementor-widget elementor-widget-heading\" data-id=\"5b28db0\" data-element_type=\"widget\" data-e-type=\"widget\" data-settings=\"{&quot;_position&quot;:&quot;absolute&quot;}\" data-widget_type=\"heading.default\">\n\t\t\t\t<div class=\"elementor-widget-container\">\n\t\t\t\t\t<h1 class=\"elementor-heading-title elementor-size-default\">Friseur Rombach <br>Ihr Friseur am Bahnhof Kirchzarten<\/h1>\t\t\t\t<\/div>\n\t\t\t\t<\/div>\n\t\t\t\t\t<\/div>\n\t\t<\/div>\n\t\t\t\t\t<\/div>\n\t\t<\/section>\n\t\t\t\t<section class=\"elementor-section elementor-top-section elementor-element elementor-element-fa79dd1 elementor-section-boxed elementor-section-height-default elementor-section-height-default\" data-id=\"fa79dd1\" data-element_type=\"section\" data-e-type=\"section\" id=\"Team\" data-settings=\"{&quot;background_background&quot;:&quot;classic&quot;}\">\n\t\t\t\t\t\t\t<div class=\"elementor-background-overlay\"><\/div>\n\t\t\t\t\t\t\t<div class=\"elementor-container elementor-column-gap-default\">\n\t\t\t\t\t<div class=\"elementor-column elementor-col-100 elementor-top-column elementor-element elementor-element-d007283\" data-id=\"d007283\" data-element_type=\"column\" data-e-type=\"column\">\n\t\t\t<div class=\"elementor-widget-wrap elementor-element-populated\">\n\t\t\t\t\t\t<section class=\"elementor-section elementor-inner-section elementor-element elementor-element-4d9a63d elementor-section-boxed elementor-section-height-default elementor-section-height-default\" data-id=\"4d9a63d\" data-element_type=\"section\" data-e-type=\"section\" data-settings=\"{&quot;background_background&quot;:&quot;classic&quot;}\">\n\t\t\t\t\t\t<div class=\"elementor-container elementor-column-gap-default\">\n\t\t\t\t\t<div class=\"elementor-column elementor-col-100 elementor-inner-column elementor-element elementor-element-812fa1d\" data-id=\"812fa1d\" data-element_type=\"column\" data-e-type=\"column\" data-settings=\"{&quot;background_background&quot;:&quot;classic&quot;}\">\n\t\t\t<div class=\"elementor-widget-wrap elementor-element-populated\">\n\t\t\t\t\t\t<div class=\"elementor-element elementor-element-5a341ed elementor-widget-divider--view-line_icon elementor-view-default elementor-widget-divider--element-align-center elementor-widget elementor-widget-divider\" data-id=\"5a341ed\" data-element_type=\"widget\" data-e-type=\"widget\" data-widget_type=\"divider.default\">\n\t\t\t\t<div class=\"elementor-widget-container\">\n\t\t\t\t\t\t\t<div class=\"elementor-divider\">\n\t\t\t<span class=\"elementor-divider-separator\">\n\t\t\t\t\t\t\t<div class=\"elementor-icon elementor-divider__element\">\n\t\t\t\t\t<i aria-hidden=\"true\" class=\"fas fa-star\"><\/i><\/div>\n\t\t\t\t\t\t<\/span>\n\t\t<\/div>\n\t\t\t\t\t\t<\/div>\n\t\t\t\t<\/div>\n\t\t\t\t<div class=\"elementor-element elementor-element-e5493a5 elementor-widget__width-inherit elementor-widget elementor-widget-heading\" data-id=\"e5493a5\" data-element_type=\"widget\" data-e-type=\"widget\" data-widget_type=\"heading.default\">\n\t\t\t\t<div class=\"elementor-widget-container\">\n\t\t\t\t\t<h2 class=\"elementor-heading-title elementor-size-default\">TEam<\/h2>\t\t\t\t<\/div>\n\t\t\t\t<\/div>\n\t\t\t\t\t<\/div>\n\t\t<\/div>\n\t\t\t\t\t<\/div>\n\t\t<\/section>\n\t\t\t\t<section class=\"elementor-section elementor-inner-section elementor-element elementor-element-15091fc elementor-section-content-middle animated-fast elementor-section-boxed elementor-section-height-default elementor-section-height-default elementor-invisible\" data-id=\"15091fc\" data-element_type=\"section\" data-e-type=\"section\" data-settings=\"{&quot;background_background&quot;:&quot;classic&quot;,&quot;animation&quot;:&quot;slideInUp&quot;}\">\n\t\t\t\t\t\t<div class=\"elementor-container elementor-column-gap-extended\">\n\t\t\t\t\t<div class=\"elementor-column elementor-col-20 elementor-inner-column elementor-element elementor-element-e34c7e0\" data-id=\"e34c7e0\" data-element_type=\"column\" data-e-type=\"column\">\n\t\t\t<div class=\"elementor-widget-wrap elementor-element-populated\">\n\t\t\t\t\t\t<div class=\"elementor-element elementor-element-36480ad animated-fast elementor-widget elementor-widget-image\" data-id=\"36480ad\" data-element_type=\"widget\" data-e-type=\"widget\" data-settings=\"{&quot;_animation&quot;:&quot;none&quot;}\" data-widget_type=\"image.default\">\n\t\t\t\t<div class=\"elementor-widget-container\">\n\t\t\t\t\t\t\t\t\t\t\t\t\t\t\t<img decoding=\"async\" src=\"https:\/\/www.friseur-rombach.de\/wp-content\/uploads\/2023\/04\/Rombach-1-e1685122686761.jpg\" title=\"Rombach-1\" alt=\"Name\" loading=\"lazy\" \/>\t\t\t\t\t\t\t\t\t\t\t\t\t\t\t<\/div>\n\t\t\t\t<\/div>\n\t\t\t\t<div class=\"elementor-element elementor-element-543ac8b elementor-widget elementor-widget-text-editor\" data-id=\"543ac8b\" data-element_type=\"widget\" data-e-type=\"widget\" data-widget_type=\"text-editor.default\">\n\t\t\t\t<div class=\"elementor-widget-container\">\n\t\t\t\t\t\t\t\t\t<p><b>Ingrid Rombach<\/b><br \/>Friseurmeisterin<\/p>\t\t\t\t\t\t\t\t<\/div>\n\t\t\t\t<\/div>\n\t\t\t\t\t<\/div>\n\t\t<\/div>\n\t\t\t\t<div class=\"elementor-column elementor-col-20 elementor-inner-column elementor-element elementor-element-90a66bb\" data-id=\"90a66bb\" data-element_type=\"column\" data-e-type=\"column\">\n\t\t\t<div class=\"elementor-widget-wrap elementor-element-populated\">\n\t\t\t\t\t\t<div class=\"elementor-element elementor-element-b7ca4af animated-fast elementor-widget elementor-widget-image\" data-id=\"b7ca4af\" data-element_type=\"widget\" data-e-type=\"widget\" data-settings=\"{&quot;_animation&quot;:&quot;none&quot;}\" data-widget_type=\"image.default\">\n\t\t\t\t<div class=\"elementor-widget-container\">\n\t\t\t\t\t\t\t\t\t\t\t\t\t\t\t<img decoding=\"async\" src=\"https:\/\/www.friseur-rombach.de\/wp-content\/uploads\/2025\/04\/Oksana.jpg\" title=\"Oksana\" alt=\"Oksana\" loading=\"lazy\" \/>\t\t\t\t\t\t\t\t\t\t\t\t\t\t\t<\/div>\n\t\t\t\t<\/div>\n\t\t\t\t<div class=\"elementor-element elementor-element-bab1613 elementor-widget elementor-widget-text-editor\" data-id=\"bab1613\" data-element_type=\"widget\" data-e-type=\"widget\" data-widget_type=\"text-editor.default\">\n\t\t\t\t<div class=\"elementor-widget-container\">\n\t\t\t\t\t\t\t\t\t<p><b>Oksana Povorozniuk<\/b><br \/>Friseurin<\/p>\t\t\t\t\t\t\t\t<\/div>\n\t\t\t\t<\/div>\n\t\t\t\t\t<\/div>\n\t\t<\/div>\n\t\t\t\t<div class=\"elementor-column elementor-col-20 elementor-inner-column elementor-element elementor-element-5c72b19\" data-id=\"5c72b19\" data-element_type=\"column\" data-e-type=\"column\">\n\t\t\t<div class=\"elementor-widget-wrap elementor-element-populated\">\n\t\t\t\t\t\t<div class=\"elementor-element elementor-element-2ad6744 animated-fast elementor-widget elementor-widget-image\" data-id=\"2ad6744\" data-element_type=\"widget\" data-e-type=\"widget\" data-settings=\"{&quot;_animation&quot;:&quot;none&quot;}\" data-widget_type=\"image.default\">\n\t\t\t\t<div class=\"elementor-widget-container\">\n\t\t\t\t\t\t\t\t\t\t\t\t\t\t\t<img fetchpriority=\"high\" decoding=\"async\" width=\"683\" height=\"1024\" src=\"https:\/\/www.friseur-rombach.de\/wp-content\/uploads\/2023\/04\/Rombach-5-683x1024.jpg\" class=\"attachment-large size-large wp-image-179\" alt=\"Felix Tritschler\" srcset=\"https:\/\/www.friseur-rombach.de\/wp-content\/uploads\/2023\/04\/Rombach-5-683x1024.jpg 683w, https:\/\/www.friseur-rombach.de\/wp-content\/uploads\/2023\/04\/Rombach-5-200x300.jpg 200w, https:\/\/www.friseur-rombach.de\/wp-content\/uploads\/2023\/04\/Rombach-5-768x1152.jpg 768w, https:\/\/www.friseur-rombach.de\/wp-content\/uploads\/2023\/04\/Rombach-5-1024x1536.jpg 1024w, https:\/\/www.friseur-rombach.de\/wp-content\/uploads\/2023\/04\/Rombach-5-1366x2048.jpg 1366w, https:\/\/www.friseur-rombach.de\/wp-content\/uploads\/2023\/04\/Rombach-5.jpg 1667w\" sizes=\"(max-width: 683px) 100vw, 683px\" \/>\t\t\t\t\t\t\t\t\t\t\t\t\t\t\t<\/div>\n\t\t\t\t<\/div>\n\t\t\t\t<div class=\"elementor-element elementor-element-bcd9a55 elementor-widget elementor-widget-text-editor\" data-id=\"bcd9a55\" data-element_type=\"widget\" data-e-type=\"widget\" data-widget_type=\"text-editor.default\">\n\t\t\t\t<div class=\"elementor-widget-container\">\n\t\t\t\t\t\t\t\t\t<p><b>Elisabeth Riesterer<\/b><br \/>Friseurin<\/p>\t\t\t\t\t\t\t\t<\/div>\n\t\t\t\t<\/div>\n\t\t\t\t\t<\/div>\n\t\t<\/div>\n\t\t\t\t<div class=\"elementor-column elementor-col-20 elementor-inner-column elementor-element elementor-element-111405c\" data-id=\"111405c\" data-element_type=\"column\" data-e-type=\"column\">\n\t\t\t<div class=\"elementor-widget-wrap elementor-element-populated\">\n\t\t\t\t\t\t<div class=\"elementor-element elementor-element-3ab2433 animated-fast elementor-widget elementor-widget-image\" data-id=\"3ab2433\" data-element_type=\"widget\" data-e-type=\"widget\" data-settings=\"{&quot;_animation&quot;:&quot;none&quot;}\" data-widget_type=\"image.default\">\n\t\t\t\t<div class=\"elementor-widget-container\">\n\t\t\t\t\t\t\t\t\t\t\t\t\t\t\t<img decoding=\"async\" width=\"683\" height=\"1024\" src=\"https:\/\/www.friseur-rombach.de\/wp-content\/uploads\/2023\/04\/Rombach-2-683x1024.jpg\" class=\"attachment-large size-large wp-image-176\" alt=\"\" srcset=\"https:\/\/www.friseur-rombach.de\/wp-content\/uploads\/2023\/04\/Rombach-2-683x1024.jpg 683w, https:\/\/www.friseur-rombach.de\/wp-content\/uploads\/2023\/04\/Rombach-2-200x300.jpg 200w, https:\/\/www.friseur-rombach.de\/wp-content\/uploads\/2023\/04\/Rombach-2-768x1152.jpg 768w, https:\/\/www.friseur-rombach.de\/wp-content\/uploads\/2023\/04\/Rombach-2-1024x1536.jpg 1024w, https:\/\/www.friseur-rombach.de\/wp-content\/uploads\/2023\/04\/Rombach-2-1366x2048.jpg 1366w, https:\/\/www.friseur-rombach.de\/wp-content\/uploads\/2023\/04\/Rombach-2.jpg 1667w\" sizes=\"(max-width: 683px) 100vw, 683px\" \/>\t\t\t\t\t\t\t\t\t\t\t\t\t\t\t<\/div>\n\t\t\t\t<\/div>\n\t\t\t\t<div class=\"elementor-element elementor-element-4a97541 elementor-widget elementor-widget-text-editor\" data-id=\"4a97541\" data-element_type=\"widget\" data-e-type=\"widget\" data-widget_type=\"text-editor.default\">\n\t\t\t\t<div class=\"elementor-widget-container\">\n\t\t\t\t\t\t\t\t\t<p><b>Carolin Schwab<\/b><br \/>Friseurmeisterin<\/p>\t\t\t\t\t\t\t\t<\/div>\n\t\t\t\t<\/div>\n\t\t\t\t\t<\/div>\n\t\t<\/div>\n\t\t\t\t<div class=\"elementor-column elementor-col-20 elementor-inner-column elementor-element elementor-element-7a950bb\" data-id=\"7a950bb\" data-element_type=\"column\" data-e-type=\"column\">\n\t\t\t<div class=\"elementor-widget-wrap elementor-element-populated\">\n\t\t\t\t\t\t<div class=\"elementor-element elementor-element-82efc2a animated-fast elementor-widget elementor-widget-image\" data-id=\"82efc2a\" data-element_type=\"widget\" data-e-type=\"widget\" data-settings=\"{&quot;_animation&quot;:&quot;none&quot;}\" data-widget_type=\"image.default\">\n\t\t\t\t<div class=\"elementor-widget-container\">\n\t\t\t\t\t\t\t\t\t\t\t\t\t\t\t<img decoding=\"async\" width=\"683\" height=\"1014\" src=\"https:\/\/www.friseur-rombach.de\/wp-content\/uploads\/2024\/09\/DSF8440-Bearbeitet.jpg\" class=\"attachment-large size-large wp-image-1448\" alt=\"Lilly Kranendonk\" srcset=\"https:\/\/www.friseur-rombach.de\/wp-content\/uploads\/2024\/09\/DSF8440-Bearbeitet.jpg 683w, https:\/\/www.friseur-rombach.de\/wp-content\/uploads\/2024\/09\/DSF8440-Bearbeitet-202x300.jpg 202w\" sizes=\"(max-width: 683px) 100vw, 683px\" \/>\t\t\t\t\t\t\t\t\t\t\t\t\t\t\t<\/div>\n\t\t\t\t<\/div>\n\t\t\t\t<div class=\"elementor-element elementor-element-0fcaebe elementor-widget elementor-widget-text-editor\" data-id=\"0fcaebe\" data-element_type=\"widget\" data-e-type=\"widget\" data-widget_type=\"text-editor.default\">\n\t\t\t\t<div class=\"elementor-widget-container\">\n\t\t\t\t\t\t\t\t\t<p><b>Lilly Kranendonk<\/b><br \/>Auszubildende<\/p>\t\t\t\t\t\t\t\t<\/div>\n\t\t\t\t<\/div>\n\t\t\t\t\t<\/div>\n\t\t<\/div>\n\t\t\t\t\t<\/div>\n\t\t<\/section>\n\t\t\t\t<section class=\"elementor-section elementor-inner-section elementor-element elementor-element-b92b7a9 elementor-section-boxed elementor-section-height-default elementor-section-height-default\" data-id=\"b92b7a9\" data-element_type=\"section\" data-e-type=\"section\">\n\t\t\t\t\t\t<div class=\"elementor-container elementor-column-gap-default\">\n\t\t\t\t\t<div class=\"elementor-column elementor-col-100 elementor-inner-column elementor-element elementor-element-a8f429a\" data-id=\"a8f429a\" data-element_type=\"column\" data-e-type=\"column\" data-settings=\"{&quot;background_background&quot;:&quot;classic&quot;}\">\n\t\t\t<div class=\"elementor-widget-wrap elementor-element-populated\">\n\t\t\t\t\t\t<div class=\"elementor-element elementor-element-606f6ba elementor-widget elementor-widget-text-editor\" data-id=\"606f6ba\" data-element_type=\"widget\" data-e-type=\"widget\" data-widget_type=\"text-editor.default\">\n\t\t\t\t<div class=\"elementor-widget-container\">\n\t\t\t\t\t\t\t\t\t<h4><strong>Entdecken Sie unser talentiertes Friseurteam!<\/strong><\/h4>\t\t\t\t\t\t\t\t<\/div>\n\t\t\t\t<\/div>\n\t\t\t\t<div class=\"elementor-element elementor-element-378cd62 elementor-widget__width-inherit elementor-widget elementor-widget-text-editor\" data-id=\"378cd62\" data-element_type=\"widget\" data-e-type=\"widget\" data-widget_type=\"text-editor.default\">\n\t\t\t\t<div class=\"elementor-widget-container\">\n\t\t\t\t\t\t\t\t\t<div><div><div><p>Bei Friseur Rombach finden Sie Meister ihres Fachs, die mit Leidenschaft und Expertise Ihre Haare in Kunstwerke verwandeln. Unser handverlesenes Team aus Fachkr\u00e4ften verf\u00fcgt \u00fcber langj\u00e4hrige Erfahrung und kennt die neuesten Trends und Techniken.<\/p><p>Unsere herzlichen Friseurinnen nehmen sich Zeit f\u00fcr eine individuelle Beratung und verwirklichen Ihre W\u00fcnsche.<\/p><p>Mit hochwertigen Produkten und Werkzeugen sorgen sie f\u00fcr Ihre Zufriedenheit und langanhaltende Sch\u00f6nheit.<\/p><p>Besuchen Sie unseren Salon und erleben Sie die Begeisterung, Kreativit\u00e4t und Professionalit\u00e4t unseres Friseurteams. Vereinbaren Sie noch heute einen Termin und lassen Sie sich von uns verw\u00f6hnen. Entdecken Sie, warum wir die perfekte Wahl f\u00fcr Ihr Haarstyling sind.<\/p><\/div><\/div><\/div>\t\t\t\t\t\t\t\t<\/div>\n\t\t\t\t<\/div>\n\t\t\t\t<div class=\"elementor-element elementor-element-a42b841 elementor-widget elementor-widget-spacer\" data-id=\"a42b841\" data-element_type=\"widget\" data-e-type=\"widget\" data-widget_type=\"spacer.default\">\n\t\t\t\t<div class=\"elementor-widget-container\">\n\t\t\t\t\t\t\t<div class=\"elementor-spacer\">\n\t\t\t<div class=\"elementor-spacer-inner\"><\/div>\n\t\t<\/div>\n\t\t\t\t\t\t<\/div>\n\t\t\t\t<\/div>\n\t\t\t\t\t<\/div>\n\t\t<\/div>\n\t\t\t\t\t<\/div>\n\t\t<\/section>\n\t\t\t\t\t<\/div>\n\t\t<\/div>\n\t\t\t\t\t<\/div>\n\t\t<\/section>\n\t\t\t\t<section class=\"elementor-section elementor-top-section elementor-element elementor-element-722e11c elementor-section-boxed elementor-section-height-default elementor-section-height-default\" data-id=\"722e11c\" data-element_type=\"section\" data-e-type=\"section\" id=\"start\" data-settings=\"{&quot;background_background&quot;:&quot;classic&quot;}\">\n\t\t\t\t\t\t<div class=\"elementor-container elementor-column-gap-default\">\n\t\t\t\t\t<div class=\"elementor-column elementor-col-100 elementor-top-column elementor-element elementor-element-b9276d0\" data-id=\"b9276d0\" data-element_type=\"column\" data-e-type=\"column\">\n\t\t\t<div class=\"elementor-widget-wrap elementor-element-populated\">\n\t\t\t\t\t\t<section class=\"elementor-section elementor-inner-section elementor-element elementor-element-076a915 elementor-section-full_width elementor-section-height-min-height elementor-section-height-default\" data-id=\"076a915\" data-element_type=\"section\" data-e-type=\"section\" data-settings=\"{&quot;background_background&quot;:&quot;classic&quot;}\">\n\t\t\t\t\t\t<div class=\"elementor-container elementor-column-gap-no\">\n\t\t\t\t\t<div class=\"elementor-column elementor-col-100 elementor-inner-column elementor-element elementor-element-d4822d2\" data-id=\"d4822d2\" data-element_type=\"column\" data-e-type=\"column\">\n\t\t\t<div class=\"elementor-widget-wrap elementor-element-populated\">\n\t\t\t\t\t\t<div class=\"elementor-element elementor-element-d1ccd21 elementor-widget-divider--view-line_icon elementor-view-default elementor-widget-divider--element-align-center elementor-widget elementor-widget-divider\" data-id=\"d1ccd21\" data-element_type=\"widget\" data-e-type=\"widget\" data-widget_type=\"divider.default\">\n\t\t\t\t<div class=\"elementor-widget-container\">\n\t\t\t\t\t\t\t<div class=\"elementor-divider\">\n\t\t\t<span class=\"elementor-divider-separator\">\n\t\t\t\t\t\t\t<div class=\"elementor-icon elementor-divider__element\">\n\t\t\t\t\t<i aria-hidden=\"true\" class=\"fas fa-star\"><\/i><\/div>\n\t\t\t\t\t\t<\/span>\n\t\t<\/div>\n\t\t\t\t\t\t<\/div>\n\t\t\t\t<\/div>\n\t\t\t\t<div class=\"elementor-element elementor-element-67017a0 elementor-widget__width-inherit elementor-widget elementor-widget-heading\" data-id=\"67017a0\" data-element_type=\"widget\" data-e-type=\"widget\" data-widget_type=\"heading.default\">\n\t\t\t\t<div class=\"elementor-widget-container\">\n\t\t\t\t\t<h2 class=\"elementor-heading-title elementor-size-xxl\">\u00dcber Uns<\/h2>\t\t\t\t<\/div>\n\t\t\t\t<\/div>\n\t\t\t\t\t<\/div>\n\t\t<\/div>\n\t\t\t\t\t<\/div>\n\t\t<\/section>\n\t\t\t\t<section class=\"elementor-section elementor-inner-section elementor-element elementor-element-fd5e06b elementor-section-full_width elementor-section-height-min-height elementor-section-height-default\" data-id=\"fd5e06b\" data-element_type=\"section\" data-e-type=\"section\">\n\t\t\t\t\t\t<div class=\"elementor-container elementor-column-gap-wide\">\n\t\t\t\t\t<div class=\"elementor-column elementor-col-50 elementor-inner-column elementor-element elementor-element-194a9f6\" data-id=\"194a9f6\" data-element_type=\"column\" data-e-type=\"column\">\n\t\t\t<div class=\"elementor-widget-wrap elementor-element-populated\">\n\t\t\t\t\t\t<div class=\"elementor-element elementor-element-c648c07 elementor-widget elementor-widget-text-editor\" data-id=\"c648c07\" data-element_type=\"widget\" data-e-type=\"widget\" data-widget_type=\"text-editor.default\">\n\t\t\t\t<div class=\"elementor-widget-container\">\n\t\t\t\t\t\t\t\t\t<div class=\"flex flex-grow flex-col gap-3\"><div class=\"min-h-[20px] flex flex-col items-start gap-4 whitespace-pre-wrap break-words\"><div class=\"markdown prose w-full break-words dark:prose-invert light\"><p><strong>Willkommen bei Friseur Rombach &#8211; Ihrem exklusiven Friseursalon f\u00fcr perfektes Styling und erstklassige Pflege!<\/strong><\/p><p>Unsere erfahrenen Friseurinnen sind wahre Meisterinnen ihres Fachs und verf\u00fcgen \u00fcber eine umfangreiche Expertise in allen Bereichen des Haarstylings. Ob es um einen trendigen Haarschnitt, eine fesselnde Haarfarbe oder eine atemberaubende Festfrisur geht &#8211; wir sind mit den neuesten Techniken und Trends bestens vertraut. Gemeinsam mit Ihnen entwickeln wir ein Styling-Konzept, das Ihre Pers\u00f6nlichkeit und Individualit\u00e4t perfekt zum Ausdruck bringt.<\/p><p>Bei Friseur Rombach steht nicht nur die \u00e4u\u00dfere Sch\u00f6nheit im Mittelpunkt, sondern auch die Gesundheit Ihres Haares. Deshalb verwenden wir ausschlie\u00dflich hochwertige Pflegeprodukte, die Ihrem Haar die n\u00f6tige N\u00e4hrstoffversorgung und Vitalit\u00e4t verleihen. Unsere Friseurinnen sind mit den besten Werkzeugen und Technologien ausgestattet, um Ihnen ein erstklassiges Ergebnis zu garantieren.<\/p><\/div><\/div><\/div>\t\t\t\t\t\t\t\t<\/div>\n\t\t\t\t<\/div>\n\t\t\t\t<div class=\"elementor-element elementor-element-88cc786 animated-fast elementor-widget elementor-widget-image\" data-id=\"88cc786\" data-element_type=\"widget\" data-e-type=\"widget\" data-settings=\"{&quot;_animation&quot;:&quot;none&quot;}\" data-widget_type=\"image.default\">\n\t\t\t\t<div class=\"elementor-widget-container\">\n\t\t\t\t\t\t\t\t\t\t\t\t<figure class=\"wp-caption\">\n\t\t\t\t\t\t\t\t\t\t<img decoding=\"async\" src=\"https:\/\/www.friseur-rombach.de\/wp-content\/uploads\/2023\/05\/AdobeStock_377748218-scaled.jpeg\" title=\"Beautiful caucasian woman hairdresser doing hairstyle to client.\" alt=\"Andrii - stock.adobe.com\" loading=\"lazy\" \/>\t\t\t\t\t\t\t\t\t\t\t<figcaption class=\"widget-image-caption wp-caption-text\">Andrii - stock.adobe.com<\/figcaption>\n\t\t\t\t\t\t\t\t\t\t<\/figure>\n\t\t\t\t\t\t\t\t\t<\/div>\n\t\t\t\t<\/div>\n\t\t\t\t\t<\/div>\n\t\t<\/div>\n\t\t\t\t<div class=\"elementor-column elementor-col-50 elementor-inner-column elementor-element elementor-element-95caaf7\" data-id=\"95caaf7\" data-element_type=\"column\" data-e-type=\"column\" data-settings=\"{&quot;background_background&quot;:&quot;slideshow&quot;,&quot;background_slideshow_slide_transition&quot;:&quot;slide_right&quot;,&quot;background_slideshow_ken_burns&quot;:&quot;yes&quot;,&quot;background_slideshow_gallery&quot;:[],&quot;background_slideshow_loop&quot;:&quot;yes&quot;,&quot;background_slideshow_slide_duration&quot;:5000,&quot;background_slideshow_transition_duration&quot;:500,&quot;background_slideshow_ken_burns_zoom_direction&quot;:&quot;in&quot;}\">\n\t\t\t<div class=\"elementor-widget-wrap elementor-element-populated\">\n\t\t\t\t\t\t<div class=\"elementor-element elementor-element-9efc96f animated-fast elementor-widget elementor-widget-image\" data-id=\"9efc96f\" data-element_type=\"widget\" data-e-type=\"widget\" data-settings=\"{&quot;_animation&quot;:&quot;none&quot;}\" data-widget_type=\"image.default\">\n\t\t\t\t<div class=\"elementor-widget-container\">\n\t\t\t\t\t\t\t\t\t\t\t\t<figure class=\"wp-caption\">\n\t\t\t\t\t\t\t\t\t\t<img decoding=\"async\" src=\"https:\/\/www.friseur-rombach.de\/wp-content\/uploads\/2023\/05\/AdobeStock_335239823-scaled.jpeg\" title=\"Focused photo on sterile instruments in hands\" alt=\"Viacheslav Yakobchuk - stock.ado\" loading=\"lazy\" \/>\t\t\t\t\t\t\t\t\t\t\t<figcaption class=\"widget-image-caption wp-caption-text\">Viacheslav Yakobchuk - stock.adobe.com<\/figcaption>\n\t\t\t\t\t\t\t\t\t\t<\/figure>\n\t\t\t\t\t\t\t\t\t<\/div>\n\t\t\t\t<\/div>\n\t\t\t\t<div class=\"elementor-element elementor-element-13dc114 elementor-widget__width-initial elementor-widget elementor-widget-text-editor\" data-id=\"13dc114\" data-element_type=\"widget\" data-e-type=\"widget\" data-widget_type=\"text-editor.default\">\n\t\t\t\t<div class=\"elementor-widget-container\">\n\t\t\t\t\t\t\t\t\t<p>Wir m\u00f6chten, dass Ihr Besuch bei Friseur Rombach zu einem besonderen Erlebnis wird. In unserem modernen und stilvollen Salon erwartet Sie eine angenehme Atmosph\u00e4re, in der Sie sich entspannen und verw\u00f6hnen lassen k\u00f6nnen. Unser freundliches Team steht Ihnen mit Rat und Tat zur Seite und sorgt daf\u00fcr, dass Sie sich rundum wohl f\u00fchlen.<\/p><p>Besuchen Sie uns und lassen Sie sich von der fachlichen Kompetenz und dem Charme unseres Teams verzaubern. Wir freuen uns darauf, Ihre Haare in einen perfekten Zustand zu bringen und Ihren individuellen Stil zum Strahlen zu bringen. Bei Friseur Rombach sind Sie in den besten H\u00e4nden!<\/p><p>Vereinbaren Sie noch heute einen Termin und erleben Sie die einzigartige Erfahrung bei Friseur Rombach. Wir freuen uns darauf, Sie kennenzulernen und Ihnen einen Friseurbesuch zu bieten, der Ihre Erwartungen \u00fcbertrifft. Lassen Sie sich von uns verw\u00f6hnen und versch\u00f6nern &#8211; Sie verdienen es!<\/p>\t\t\t\t\t\t\t\t<\/div>\n\t\t\t\t<\/div>\n\t\t\t\t\t<\/div>\n\t\t<\/div>\n\t\t\t\t\t<\/div>\n\t\t<\/section>\n\t\t\t\t\t<\/div>\n\t\t<\/div>\n\t\t\t\t\t<\/div>\n\t\t<\/section>\n\t\t\t\t<section class=\"elementor-section elementor-top-section elementor-element elementor-element-82955c2 elementor-section-content-top elementor-section-boxed elementor-section-height-default elementor-section-height-default\" data-id=\"82955c2\" data-element_type=\"section\" data-e-type=\"section\" data-settings=\"{&quot;background_background&quot;:&quot;classic&quot;}\">\n\t\t\t\t\t\t<div class=\"elementor-container elementor-column-gap-no\">\n\t\t\t\t\t<div class=\"elementor-column elementor-col-100 elementor-top-column elementor-element elementor-element-55508ea\" data-id=\"55508ea\" data-element_type=\"column\" data-e-type=\"column\" id=\"Salon\" data-settings=\"{&quot;background_background&quot;:&quot;classic&quot;}\">\n\t\t\t<div class=\"elementor-widget-wrap elementor-element-populated\">\n\t\t\t\t\t\t<section class=\"elementor-section elementor-inner-section elementor-element elementor-element-24eb201 elementor-section-full_width elementor-section-height-min-height elementor-section-height-default\" data-id=\"24eb201\" data-element_type=\"section\" data-e-type=\"section\" id=\"Salon\" data-settings=\"{&quot;background_background&quot;:&quot;classic&quot;}\">\n\t\t\t\t\t\t<div class=\"elementor-container elementor-column-gap-no\">\n\t\t\t\t\t<div class=\"elementor-column elementor-col-100 elementor-inner-column elementor-element elementor-element-07efafb\" data-id=\"07efafb\" data-element_type=\"column\" data-e-type=\"column\">\n\t\t\t<div class=\"elementor-widget-wrap elementor-element-populated\">\n\t\t\t\t\t\t<div class=\"elementor-element elementor-element-cfb7e0f elementor-widget-divider--view-line_icon elementor-view-default elementor-widget-divider--element-align-center elementor-widget elementor-widget-divider\" data-id=\"cfb7e0f\" data-element_type=\"widget\" data-e-type=\"widget\" data-widget_type=\"divider.default\">\n\t\t\t\t<div class=\"elementor-widget-container\">\n\t\t\t\t\t\t\t<div class=\"elementor-divider\">\n\t\t\t<span class=\"elementor-divider-separator\">\n\t\t\t\t\t\t\t<div class=\"elementor-icon elementor-divider__element\">\n\t\t\t\t\t<i aria-hidden=\"true\" class=\"fas fa-star\"><\/i><\/div>\n\t\t\t\t\t\t<\/span>\n\t\t<\/div>\n\t\t\t\t\t\t<\/div>\n\t\t\t\t<\/div>\n\t\t\t\t<div class=\"elementor-element elementor-element-e6a50dd elementor-widget__width-inherit elementor-widget elementor-widget-heading\" data-id=\"e6a50dd\" data-element_type=\"widget\" data-e-type=\"widget\" data-widget_type=\"heading.default\">\n\t\t\t\t<div class=\"elementor-widget-container\">\n\t\t\t\t\t<h2 class=\"elementor-heading-title elementor-size-xxl\">SALON<\/h2>\t\t\t\t<\/div>\n\t\t\t\t<\/div>\n\t\t\t\t\t<\/div>\n\t\t<\/div>\n\t\t\t\t\t<\/div>\n\t\t<\/section>\n\t\t\t\t<section class=\"elementor-section elementor-inner-section elementor-element elementor-element-19fa95f elementor-section-full_width elementor-section-content-middle elementor-section-height-default elementor-section-height-default\" data-id=\"19fa95f\" data-element_type=\"section\" data-e-type=\"section\" data-settings=\"{&quot;background_background&quot;:&quot;classic&quot;}\">\n\t\t\t\t\t\t<div class=\"elementor-container elementor-column-gap-no\">\n\t\t\t\t\t<div class=\"elementor-column elementor-col-50 elementor-inner-column elementor-element elementor-element-61d58be\" data-id=\"61d58be\" data-element_type=\"column\" data-e-type=\"column\" data-settings=\"{&quot;background_background&quot;:&quot;classic&quot;}\">\n\t\t\t<div class=\"elementor-widget-wrap elementor-element-populated\">\n\t\t\t\t\t\t<div class=\"elementor-element elementor-element-682b8c6 elementor-widget elementor-widget-text-editor\" data-id=\"682b8c6\" data-element_type=\"widget\" data-e-type=\"widget\" data-widget_type=\"text-editor.default\">\n\t\t\t\t<div class=\"elementor-widget-container\">\n\t\t\t\t\t\t\t\t\t<p>Ihr exklusives Haarstyling-Erlebnis direkt am Bahnhof Kirchzarten!<\/p><p>Unser Salon besticht nicht nur durch seine ideale Lage, sondern auch durch eine exquisite Ausstattung und hochwertige Technik. Als Teil unserer Philosophie m\u00f6chten wir sicherstellen, dass Ihr Besuch bei uns nicht nur bequem, sondern auch ein absoluter Genuss ist.<\/p><p>Dank unserer zentralen Lage am Bahnhof Kirchzarten sind wir leicht erreichbar und bieten Ihnen maximale Flexibilit\u00e4t. Ob Sie auf dem Weg zur Arbeit einen Zwischenstopp einlegen, nach einem Einkaufsbummel vorbeischauen oder einfach einen Moment der Entspannung suchen &#8211; unser Salon ist immer f\u00fcr Sie da.<\/p><p>Bei Friseur Rombach erwartet Sie eine einladende und moderne Atmosph\u00e4re. Wir haben viel Wert auf eine stilvolle Einrichtung gelegt, um Ihnen eine angenehme und entspannte Umgebung zu bieten. Hier k\u00f6nnen Sie dem Alltagsstress entfliehen und sich ganz auf sich selbst konzentrieren.<\/p>\t\t\t\t\t\t\t\t<\/div>\n\t\t\t\t<\/div>\n\t\t\t\t\t<\/div>\n\t\t<\/div>\n\t\t\t\t<div class=\"elementor-column elementor-col-50 elementor-inner-column elementor-element elementor-element-82e9765\" data-id=\"82e9765\" data-element_type=\"column\" data-e-type=\"column\" data-settings=\"{&quot;background_background&quot;:&quot;classic&quot;}\">\n\t\t\t<div class=\"elementor-widget-wrap elementor-element-populated\">\n\t\t\t\t\t\t<div class=\"elementor-element elementor-element-cd064d1 elementor-arrows-position-inside elementor-widget elementor-widget-image-carousel\" data-id=\"cd064d1\" data-element_type=\"widget\" data-e-type=\"widget\" data-settings=\"{&quot;slides_to_show&quot;:&quot;1&quot;,&quot;navigation&quot;:&quot;arrows&quot;,&quot;autoplay&quot;:&quot;yes&quot;,&quot;pause_on_hover&quot;:&quot;yes&quot;,&quot;pause_on_interaction&quot;:&quot;yes&quot;,&quot;autoplay_speed&quot;:5000,&quot;infinite&quot;:&quot;yes&quot;,&quot;effect&quot;:&quot;slide&quot;,&quot;speed&quot;:500}\" data-widget_type=\"image-carousel.default\">\n\t\t\t\t<div class=\"elementor-widget-container\">\n\t\t\t\t\t\t\t<div class=\"elementor-image-carousel-wrapper swiper\" role=\"region\" aria-roledescription=\"carousel\" aria-label=\"Bild Karussell\" dir=\"ltr\">\n\t\t\t<div class=\"elementor-image-carousel swiper-wrapper\" aria-live=\"off\">\n\t\t\t\t\t\t\t\t<div class=\"swiper-slide\" role=\"group\" aria-roledescription=\"slide\" aria-label=\"1 von 21\"><a data-elementor-open-lightbox=\"yes\" data-elementor-lightbox-slideshow=\"cd064d1\" data-elementor-lightbox-title=\"Rombach-6\" data-e-action-hash=\"#elementor-action%3Aaction%3Dlightbox%26settings%3DeyJpZCI6MTQ2OSwidXJsIjoiaHR0cHM6XC9cL3d3dy5mcmlzZXVyLXJvbWJhY2guZGVcL3dwLWNvbnRlbnRcL3VwbG9hZHNcLzIwMjVcLzA0XC9Sb21iYWNoLTYtc2NhbGVkLmpwZyIsInNsaWRlc2hvdyI6ImNkMDY0ZDEifQ%3D%3D\" href=\"https:\/\/www.friseur-rombach.de\/wp-content\/uploads\/2025\/04\/Rombach-6-scaled.jpg\"><figure class=\"swiper-slide-inner\"><img decoding=\"async\" class=\"swiper-slide-image\" src=\"https:\/\/www.friseur-rombach.de\/wp-content\/uploads\/elementor\/thumbs\/Rombach-6-scaled-r47jk1hs5n06aq2sq20pxg3as4vkxgofgefx0dofh4.jpg\" alt=\"Rombach-6\" \/><\/figure><\/a><\/div><div class=\"swiper-slide\" role=\"group\" aria-roledescription=\"slide\" aria-label=\"2 von 21\"><a data-elementor-open-lightbox=\"yes\" data-elementor-lightbox-slideshow=\"cd064d1\" data-elementor-lightbox-title=\"Rombach-11\" data-e-action-hash=\"#elementor-action%3Aaction%3Dlightbox%26settings%3DeyJpZCI6MTQ3MCwidXJsIjoiaHR0cHM6XC9cL3d3dy5mcmlzZXVyLXJvbWJhY2guZGVcL3dwLWNvbnRlbnRcL3VwbG9hZHNcLzIwMjVcLzA0XC9Sb21iYWNoLTExLXNjYWxlZC5qcGciLCJzbGlkZXNob3ciOiJjZDA2NGQxIn0%3D\" href=\"https:\/\/www.friseur-rombach.de\/wp-content\/uploads\/2025\/04\/Rombach-11-scaled.jpg\"><figure class=\"swiper-slide-inner\"><img decoding=\"async\" class=\"swiper-slide-image\" src=\"https:\/\/www.friseur-rombach.de\/wp-content\/uploads\/elementor\/thumbs\/Rombach-11-scaled-r47jk594wz5bl5xc43n87f555od1s93csx1uxhius8.jpg\" alt=\"Rombach-11\" \/><\/figure><\/a><\/div><div class=\"swiper-slide\" role=\"group\" aria-roledescription=\"slide\" aria-label=\"3 von 21\"><a data-elementor-open-lightbox=\"yes\" data-elementor-lightbox-slideshow=\"cd064d1\" data-elementor-lightbox-title=\"_DSF7236-Verbessert-RR\" data-e-action-hash=\"#elementor-action%3Aaction%3Dlightbox%26settings%3DeyJpZCI6MTIzNywidXJsIjoiaHR0cHM6XC9cL3d3dy5mcmlzZXVyLXJvbWJhY2guZGVcL3dwLWNvbnRlbnRcL3VwbG9hZHNcLzIwMjNcLzA3XC9EU0Y3MjM2LVZlcmJlc3NlcnQtUlIuanBnIiwic2xpZGVzaG93IjoiY2QwNjRkMSJ9\" href=\"https:\/\/www.friseur-rombach.de\/wp-content\/uploads\/2023\/07\/DSF7236-Verbessert-RR.jpg\"><figure class=\"swiper-slide-inner\"><img decoding=\"async\" class=\"swiper-slide-image\" src=\"https:\/\/www.friseur-rombach.de\/wp-content\/uploads\/elementor\/thumbs\/DSF7236-Verbessert-RR-q9zzq4ro32fjqpy7onunv9ci4qxtkipx7v1x3mtxlk.jpg\" alt=\"_DSF7236-Verbessert-RR\" \/><\/figure><\/a><\/div><div class=\"swiper-slide\" role=\"group\" aria-roledescription=\"slide\" aria-label=\"4 von 21\"><a data-elementor-open-lightbox=\"yes\" data-elementor-lightbox-slideshow=\"cd064d1\" data-elementor-lightbox-title=\"_DSF7237-Verbessert-RR\" data-e-action-hash=\"#elementor-action%3Aaction%3Dlightbox%26settings%3DeyJpZCI6MTIzOCwidXJsIjoiaHR0cHM6XC9cL3d3dy5mcmlzZXVyLXJvbWJhY2guZGVcL3dwLWNvbnRlbnRcL3VwbG9hZHNcLzIwMjNcLzA3XC9EU0Y3MjM3LVZlcmJlc3NlcnQtUlIuanBnIiwic2xpZGVzaG93IjoiY2QwNjRkMSJ9\" href=\"https:\/\/www.friseur-rombach.de\/wp-content\/uploads\/2023\/07\/DSF7237-Verbessert-RR.jpg\"><figure class=\"swiper-slide-inner\"><img decoding=\"async\" class=\"swiper-slide-image\" src=\"https:\/\/www.friseur-rombach.de\/wp-content\/uploads\/elementor\/thumbs\/DSF7237-Verbessert-RR-q9zzq5pi9wgu2bwuj69afr3yq4t6s7tnjzpekwsjfc.jpg\" alt=\"_DSF7237-Verbessert-RR\" \/><\/figure><\/a><\/div><div class=\"swiper-slide\" role=\"group\" aria-roledescription=\"slide\" aria-label=\"5 von 21\"><a data-elementor-open-lightbox=\"yes\" data-elementor-lightbox-slideshow=\"cd064d1\" data-elementor-lightbox-title=\"_DSF7240-Verbessert-RR\" data-e-action-hash=\"#elementor-action%3Aaction%3Dlightbox%26settings%3DeyJpZCI6MTI0MCwidXJsIjoiaHR0cHM6XC9cL3d3dy5mcmlzZXVyLXJvbWJhY2guZGVcL3dwLWNvbnRlbnRcL3VwbG9hZHNcLzIwMjNcLzA3XC9EU0Y3MjQwLVZlcmJlc3NlcnQtUlIuanBnIiwic2xpZGVzaG93IjoiY2QwNjRkMSJ9\" href=\"https:\/\/www.friseur-rombach.de\/wp-content\/uploads\/2023\/07\/DSF7240-Verbessert-RR.jpg\"><figure class=\"swiper-slide-inner\"><img decoding=\"async\" class=\"swiper-slide-image\" src=\"https:\/\/www.friseur-rombach.de\/wp-content\/uploads\/elementor\/thumbs\/DSF7240-Verbessert-RR-q9zzq6ncgqi4dxvhdonx08vfbiojzwxdw4cw26r594.jpg\" alt=\"_DSF7240-Verbessert-RR\" \/><\/figure><\/a><\/div><div class=\"swiper-slide\" role=\"group\" aria-roledescription=\"slide\" aria-label=\"6 von 21\"><a data-elementor-open-lightbox=\"yes\" data-elementor-lightbox-slideshow=\"cd064d1\" data-elementor-lightbox-title=\"Rombach-12\" data-e-action-hash=\"#elementor-action%3Aaction%3Dlightbox%26settings%3DeyJpZCI6MTQ3MSwidXJsIjoiaHR0cHM6XC9cL3d3dy5mcmlzZXVyLXJvbWJhY2guZGVcL3dwLWNvbnRlbnRcL3VwbG9hZHNcLzIwMjVcLzA0XC9Sb21iYWNoLTEyLXNjYWxlZC5qcGciLCJzbGlkZXNob3ciOiJjZDA2NGQxIn0%3D\" href=\"https:\/\/www.friseur-rombach.de\/wp-content\/uploads\/2025\/04\/Rombach-12-scaled.jpg\"><figure class=\"swiper-slide-inner\"><img decoding=\"async\" class=\"swiper-slide-image\" src=\"https:\/\/www.friseur-rombach.de\/wp-content\/uploads\/elementor\/thumbs\/Rombach-12-scaled-r47jk90hobagvlrvi59qhe6zj7uin1ia5fnsulda3c.jpg\" alt=\"Rombach-12\" \/><\/figure><\/a><\/div><div class=\"swiper-slide\" role=\"group\" aria-roledescription=\"slide\" aria-label=\"7 von 21\"><a data-elementor-open-lightbox=\"yes\" data-elementor-lightbox-slideshow=\"cd064d1\" data-elementor-lightbox-title=\"_DSF7243-Verbessert-RR\" data-e-action-hash=\"#elementor-action%3Aaction%3Dlightbox%26settings%3DeyJpZCI6MTI0MiwidXJsIjoiaHR0cHM6XC9cL3d3dy5mcmlzZXVyLXJvbWJhY2guZGVcL3dwLWNvbnRlbnRcL3VwbG9hZHNcLzIwMjNcLzA3XC9EU0Y3MjQzLVZlcmJlc3NlcnQtUlIuanBnIiwic2xpZGVzaG93IjoiY2QwNjRkMSJ9\" href=\"https:\/\/www.friseur-rombach.de\/wp-content\/uploads\/2023\/07\/DSF7243-Verbessert-RR.jpg\"><figure class=\"swiper-slide-inner\"><img decoding=\"async\" class=\"swiper-slide-image\" src=\"https:\/\/www.friseur-rombach.de\/wp-content\/uploads\/elementor\/thumbs\/DSF7243-Verbessert-RR-q9zzq7l6nkjepju4872jkqmvwwjx7m14890djgpr2w.jpg\" alt=\"_DSF7243-Verbessert-RR\" \/><\/figure><\/a><\/div><div class=\"swiper-slide\" role=\"group\" aria-roledescription=\"slide\" aria-label=\"8 von 21\"><a data-elementor-open-lightbox=\"yes\" data-elementor-lightbox-slideshow=\"cd064d1\" data-elementor-lightbox-title=\"Rombach-13\" data-e-action-hash=\"#elementor-action%3Aaction%3Dlightbox%26settings%3DeyJpZCI6MTQ3MiwidXJsIjoiaHR0cHM6XC9cL3d3dy5mcmlzZXVyLXJvbWJhY2guZGVcL3dwLWNvbnRlbnRcL3VwbG9hZHNcLzIwMjVcLzA0XC9Sb21iYWNoLTEzLXNjYWxlZC5qcGciLCJzbGlkZXNob3ciOiJjZDA2NGQxIn0%3D\" href=\"https:\/\/www.friseur-rombach.de\/wp-content\/uploads\/2025\/04\/Rombach-13-scaled.jpg\"><figure class=\"swiper-slide-inner\"><img decoding=\"async\" class=\"swiper-slide-image\" src=\"https:\/\/www.friseur-rombach.de\/wp-content\/uploads\/elementor\/thumbs\/Rombach-13-scaled-r47jkcrufnfm61mew6w8rd8twrbzhtx7hy9qrp7peg.jpg\" alt=\"Rombach-13\" \/><\/figure><\/a><\/div><div class=\"swiper-slide\" role=\"group\" aria-roledescription=\"slide\" aria-label=\"9 von 21\"><a data-elementor-open-lightbox=\"yes\" data-elementor-lightbox-slideshow=\"cd064d1\" data-elementor-lightbox-title=\"_DSF7245-Verbessert-RR\" data-e-action-hash=\"#elementor-action%3Aaction%3Dlightbox%26settings%3DeyJpZCI6MTI0MywidXJsIjoiaHR0cHM6XC9cL3d3dy5mcmlzZXVyLXJvbWJhY2guZGVcL3dwLWNvbnRlbnRcL3VwbG9hZHNcLzIwMjNcLzA3XC9EU0Y3MjQ1LVZlcmJlc3NlcnQtUlIuanBnIiwic2xpZGVzaG93IjoiY2QwNjRkMSJ9\" href=\"https:\/\/www.friseur-rombach.de\/wp-content\/uploads\/2023\/07\/DSF7245-Verbessert-RR.jpg\"><figure class=\"swiper-slide-inner\"><img decoding=\"async\" class=\"swiper-slide-image\" src=\"https:\/\/www.friseur-rombach.de\/wp-content\/uploads\/elementor\/thumbs\/DSF7245-Verbessert-RR-q9zzq8j0uekp15sr2ph658eciafafb4ukdnv0qocwo.jpg\" alt=\"_DSF7245-Verbessert-RR\" \/><\/figure><\/a><\/div><div class=\"swiper-slide\" role=\"group\" aria-roledescription=\"slide\" aria-label=\"10 von 21\"><a data-elementor-open-lightbox=\"yes\" data-elementor-lightbox-slideshow=\"cd064d1\" data-elementor-lightbox-title=\"_DSF7249-Verbessert-RR\" data-e-action-hash=\"#elementor-action%3Aaction%3Dlightbox%26settings%3DeyJpZCI6MTI0NSwidXJsIjoiaHR0cHM6XC9cL3d3dy5mcmlzZXVyLXJvbWJhY2guZGVcL3dwLWNvbnRlbnRcL3VwbG9hZHNcLzIwMjNcLzA3XC9EU0Y3MjQ5LVZlcmJlc3NlcnQtUlIuanBnIiwic2xpZGVzaG93IjoiY2QwNjRkMSJ9\" href=\"https:\/\/www.friseur-rombach.de\/wp-content\/uploads\/2023\/07\/DSF7249-Verbessert-RR.jpg\"><figure class=\"swiper-slide-inner\"><img decoding=\"async\" class=\"swiper-slide-image\" src=\"https:\/\/www.friseur-rombach.de\/wp-content\/uploads\/elementor\/thumbs\/DSF7249-Verbessert-RR-q9zzq9gv18lzcrrdx7vspq5t3oann08kwibci0myqg.jpg\" alt=\"_DSF7249-Verbessert-RR\" \/><\/figure><\/a><\/div><div class=\"swiper-slide\" role=\"group\" aria-roledescription=\"slide\" aria-label=\"11 von 21\"><a data-elementor-open-lightbox=\"yes\" data-elementor-lightbox-slideshow=\"cd064d1\" data-elementor-lightbox-title=\"_DSF7262-Verbessert-RR\" data-e-action-hash=\"#elementor-action%3Aaction%3Dlightbox%26settings%3DeyJpZCI6MTI0OSwidXJsIjoiaHR0cHM6XC9cL3d3dy5mcmlzZXVyLXJvbWJhY2guZGVcL3dwLWNvbnRlbnRcL3VwbG9hZHNcLzIwMjNcLzA3XC9EU0Y3MjYyLVZlcmJlc3NlcnQtUlIuanBnIiwic2xpZGVzaG93IjoiY2QwNjRkMSJ9\" href=\"https:\/\/www.friseur-rombach.de\/wp-content\/uploads\/2023\/07\/DSF7262-Verbessert-RR.jpg\"><figure class=\"swiper-slide-inner\"><img decoding=\"async\" class=\"swiper-slide-image\" src=\"https:\/\/www.friseur-rombach.de\/wp-content\/uploads\/elementor\/thumbs\/DSF7262-Verbessert-RR-q9zzqbcjewojzzonm8p1upoqag1e2eg1krmbgkk6e0.jpg\" alt=\"_DSF7262-Verbessert-RR\" \/><\/figure><\/a><\/div><div class=\"swiper-slide\" role=\"group\" aria-roledescription=\"slide\" aria-label=\"12 von 21\"><a data-elementor-open-lightbox=\"yes\" data-elementor-lightbox-slideshow=\"cd064d1\" data-elementor-lightbox-title=\"_DSF7264-Verbessert-RR\" data-e-action-hash=\"#elementor-action%3Aaction%3Dlightbox%26settings%3DeyJpZCI6MTI1MSwidXJsIjoiaHR0cHM6XC9cL3d3dy5mcmlzZXVyLXJvbWJhY2guZGVcL3dwLWNvbnRlbnRcL3VwbG9hZHNcLzIwMjNcLzA3XC9EU0Y3MjY0LVZlcmJlc3NlcnQtUlIuanBnIiwic2xpZGVzaG93IjoiY2QwNjRkMSJ9\" href=\"https:\/\/www.friseur-rombach.de\/wp-content\/uploads\/2023\/07\/DSF7264-Verbessert-RR.jpg\"><figure class=\"swiper-slide-inner\"><img decoding=\"async\" class=\"swiper-slide-image\" src=\"https:\/\/www.friseur-rombach.de\/wp-content\/uploads\/elementor\/thumbs\/DSF7264-Verbessert-RR-q9zzqcadlqpublnagr3of7g6vtwra3jrww9sxuis7s.jpg\" alt=\"_DSF7264-Verbessert-RR\" \/><\/figure><\/a><\/div><div class=\"swiper-slide\" role=\"group\" aria-roledescription=\"slide\" aria-label=\"13 von 21\"><a data-elementor-open-lightbox=\"yes\" data-elementor-lightbox-slideshow=\"cd064d1\" data-elementor-lightbox-title=\"_DSF7267-Verbessert-RR\" data-e-action-hash=\"#elementor-action%3Aaction%3Dlightbox%26settings%3DeyJpZCI6MTI1MywidXJsIjoiaHR0cHM6XC9cL3d3dy5mcmlzZXVyLXJvbWJhY2guZGVcL3dwLWNvbnRlbnRcL3VwbG9hZHNcLzIwMjNcLzA3XC9EU0Y3MjY3LVZlcmJlc3NlcnQtUlIuanBnIiwic2xpZGVzaG93IjoiY2QwNjRkMSJ9\" href=\"https:\/\/www.friseur-rombach.de\/wp-content\/uploads\/2023\/07\/DSF7267-Verbessert-RR.jpg\"><figure class=\"swiper-slide-inner\"><img decoding=\"async\" class=\"swiper-slide-image\" src=\"https:\/\/www.friseur-rombach.de\/wp-content\/uploads\/elementor\/thumbs\/DSF7267-Verbessert-RR-q9zzqd87skr4n7lxb9iazp7nh7s4hsni90xaf4he1k.jpg\" alt=\"_DSF7267-Verbessert-RR\" \/><\/figure><\/a><\/div><div class=\"swiper-slide\" role=\"group\" aria-roledescription=\"slide\" aria-label=\"14 von 21\"><a data-elementor-open-lightbox=\"yes\" data-elementor-lightbox-slideshow=\"cd064d1\" data-elementor-lightbox-title=\"_DSF7270-Verbessert-RR\" data-e-action-hash=\"#elementor-action%3Aaction%3Dlightbox%26settings%3DeyJpZCI6MTI1NCwidXJsIjoiaHR0cHM6XC9cL3d3dy5mcmlzZXVyLXJvbWJhY2guZGVcL3dwLWNvbnRlbnRcL3VwbG9hZHNcLzIwMjNcLzA3XC9EU0Y3MjcwLVZlcmJlc3NlcnQtUlIuanBnIiwic2xpZGVzaG93IjoiY2QwNjRkMSJ9\" href=\"https:\/\/www.friseur-rombach.de\/wp-content\/uploads\/2023\/07\/DSF7270-Verbessert-RR.jpg\"><figure class=\"swiper-slide-inner\"><img decoding=\"async\" class=\"swiper-slide-image\" src=\"https:\/\/www.friseur-rombach.de\/wp-content\/uploads\/elementor\/thumbs\/DSF7270-Verbessert-RR-q9zzqe61zeseytkk5rwxk6z42lnhphr8l5krwefzvc.jpg\" alt=\"_DSF7270-Verbessert-RR\" \/><\/figure><\/a><\/div><div class=\"swiper-slide\" role=\"group\" aria-roledescription=\"slide\" aria-label=\"15 von 21\"><a data-elementor-open-lightbox=\"yes\" data-elementor-lightbox-slideshow=\"cd064d1\" data-elementor-lightbox-title=\"_DSF7277-Verbessert-RR\" data-e-action-hash=\"#elementor-action%3Aaction%3Dlightbox%26settings%3DeyJpZCI6MTI1NywidXJsIjoiaHR0cHM6XC9cL3d3dy5mcmlzZXVyLXJvbWJhY2guZGVcL3dwLWNvbnRlbnRcL3VwbG9hZHNcLzIwMjNcLzA3XC9EU0Y3Mjc3LVZlcmJlc3NlcnQtUlIuanBnIiwic2xpZGVzaG93IjoiY2QwNjRkMSJ9\" href=\"https:\/\/www.friseur-rombach.de\/wp-content\/uploads\/2023\/07\/DSF7277-Verbessert-RR.jpg\"><figure class=\"swiper-slide-inner\"><img decoding=\"async\" class=\"swiper-slide-image\" src=\"https:\/\/www.friseur-rombach.de\/wp-content\/uploads\/elementor\/thumbs\/DSF7277-Verbessert-RR-q9zzqg1qd2uzm1htusq6p6i19de84vyp9evquyd7iw.jpg\" alt=\"_DSF7277-Verbessert-RR\" \/><\/figure><\/a><\/div><div class=\"swiper-slide\" role=\"group\" aria-roledescription=\"slide\" aria-label=\"16 von 21\"><a data-elementor-open-lightbox=\"yes\" data-elementor-lightbox-slideshow=\"cd064d1\" data-elementor-lightbox-title=\"_DSF7279\" data-e-action-hash=\"#elementor-action%3Aaction%3Dlightbox%26settings%3DeyJpZCI6MTI1OSwidXJsIjoiaHR0cHM6XC9cL3d3dy5mcmlzZXVyLXJvbWJhY2guZGVcL3dwLWNvbnRlbnRcL3VwbG9hZHNcLzIwMjNcLzA3XC9EU0Y3Mjc5LmpwZyIsInNsaWRlc2hvdyI6ImNkMDY0ZDEifQ%3D%3D\" href=\"https:\/\/www.friseur-rombach.de\/wp-content\/uploads\/2023\/07\/DSF7279.jpg\"><figure class=\"swiper-slide-inner\"><img decoding=\"async\" class=\"swiper-slide-image\" src=\"https:\/\/www.friseur-rombach.de\/wp-content\/uploads\/elementor\/thumbs\/DSF7279-q9zzqgzkjww9xnggpb4t9o9hur9lcl2fljj8c8btco.jpg\" alt=\"_DSF7279\" \/><\/figure><\/a><\/div><div class=\"swiper-slide\" role=\"group\" aria-roledescription=\"slide\" aria-label=\"17 von 21\"><a data-elementor-open-lightbox=\"yes\" data-elementor-lightbox-slideshow=\"cd064d1\" data-elementor-lightbox-title=\"Rombach-1\" data-e-action-hash=\"#elementor-action%3Aaction%3Dlightbox%26settings%3DeyJpZCI6MTQ2NiwidXJsIjoiaHR0cHM6XC9cL3d3dy5mcmlzZXVyLXJvbWJhY2guZGVcL3dwLWNvbnRlbnRcL3VwbG9hZHNcLzIwMjVcLzA0XC9Sb21iYWNoLTEtc2NhbGVkLmpwZyIsInNsaWRlc2hvdyI6ImNkMDY0ZDEifQ%3D%3D\" href=\"https:\/\/www.friseur-rombach.de\/wp-content\/uploads\/2025\/04\/Rombach-1-scaled.jpg\"><figure class=\"swiper-slide-inner\"><img decoding=\"async\" class=\"swiper-slide-image\" src=\"https:\/\/www.friseur-rombach.de\/wp-content\/uploads\/elementor\/thumbs\/Rombach-1-scaled-r47jjp9vosjg3skjpeqkj16b24jt5ebx2pylrs6jq0.jpg\" alt=\"Rombach-1\" \/><\/figure><\/a><\/div><div class=\"swiper-slide\" role=\"group\" aria-roledescription=\"slide\" aria-label=\"18 von 21\"><a data-elementor-open-lightbox=\"yes\" data-elementor-lightbox-slideshow=\"cd064d1\" data-elementor-lightbox-title=\"Rombach-2\" data-e-action-hash=\"#elementor-action%3Aaction%3Dlightbox%26settings%3DeyJpZCI6MTQ2NywidXJsIjoiaHR0cHM6XC9cL3d3dy5mcmlzZXVyLXJvbWJhY2guZGVcL3dwLWNvbnRlbnRcL3VwbG9hZHNcLzIwMjVcLzA0XC9Sb21iYWNoLTItc2NhbGVkLmpwZyIsInNsaWRlc2hvdyI6ImNkMDY0ZDEifQ%3D%3D\" href=\"https:\/\/www.friseur-rombach.de\/wp-content\/uploads\/2025\/04\/Rombach-2-scaled.jpg\"><figure class=\"swiper-slide-inner\"><img decoding=\"async\" class=\"swiper-slide-image\" src=\"https:\/\/www.friseur-rombach.de\/wp-content\/uploads\/elementor\/thumbs\/Rombach-2-scaled-r47jjt18g4ole8f33gd2t085fo1a06quf8kjow0z14.jpg\" alt=\"Rombach-2\" \/><\/figure><\/a><\/div><div class=\"swiper-slide\" role=\"group\" aria-roledescription=\"slide\" aria-label=\"19 von 21\"><a data-elementor-open-lightbox=\"yes\" data-elementor-lightbox-slideshow=\"cd064d1\" data-elementor-lightbox-title=\"Rombach-5\" data-e-action-hash=\"#elementor-action%3Aaction%3Dlightbox%26settings%3DeyJpZCI6MTQ2OCwidXJsIjoiaHR0cHM6XC9cL3d3dy5mcmlzZXVyLXJvbWJhY2guZGVcL3dwLWNvbnRlbnRcL3VwbG9hZHNcLzIwMjVcLzA0XC9Sb21iYWNoLTUtc2NhbGVkLmpwZyIsInNsaWRlc2hvdyI6ImNkMDY0ZDEifQ%3D%3D\" href=\"https:\/\/www.friseur-rombach.de\/wp-content\/uploads\/2025\/04\/Rombach-5-scaled.jpg\"><figure class=\"swiper-slide-inner\"><img decoding=\"async\" class=\"swiper-slide-image\" src=\"https:\/\/www.friseur-rombach.de\/wp-content\/uploads\/elementor\/thumbs\/Rombach-5-scaled-r47jjxqfeav10a89c0e7nh1gele42o9i3vtz39u060.jpg\" alt=\"Rombach-5\" \/><\/figure><\/a><\/div><div class=\"swiper-slide\" role=\"group\" aria-roledescription=\"slide\" aria-label=\"20 von 21\"><a data-elementor-open-lightbox=\"yes\" data-elementor-lightbox-slideshow=\"cd064d1\" data-elementor-lightbox-title=\"Rombach-14\" data-e-action-hash=\"#elementor-action%3Aaction%3Dlightbox%26settings%3DeyJpZCI6MTQ3MywidXJsIjoiaHR0cHM6XC9cL3d3dy5mcmlzZXVyLXJvbWJhY2guZGVcL3dwLWNvbnRlbnRcL3VwbG9hZHNcLzIwMjVcLzA0XC9Sb21iYWNoLTE0LXNjYWxlZC5qcGciLCJzbGlkZXNob3ciOiJjZDA2NGQxIn0%3D\" href=\"https:\/\/www.friseur-rombach.de\/wp-content\/uploads\/2025\/04\/Rombach-14-scaled.jpg\"><figure class=\"swiper-slide-inner\"><img decoding=\"async\" class=\"swiper-slide-image\" src=\"https:\/\/www.friseur-rombach.de\/wp-content\/uploads\/elementor\/thumbs\/Rombach-14-scaled-r47jkgj76zkrghgya8ir1caoaatgcmc4ugvoot24pk.jpg\" alt=\"Rombach-14\" \/><\/figure><\/a><\/div><div class=\"swiper-slide\" role=\"group\" aria-roledescription=\"slide\" aria-label=\"21 von 21\"><a data-elementor-open-lightbox=\"yes\" data-elementor-lightbox-slideshow=\"cd064d1\" data-elementor-lightbox-title=\"Rombach-16\" data-e-action-hash=\"#elementor-action%3Aaction%3Dlightbox%26settings%3DeyJpZCI6MTQ3NCwidXJsIjoiaHR0cHM6XC9cL3d3dy5mcmlzZXVyLXJvbWJhY2guZGVcL3dwLWNvbnRlbnRcL3VwbG9hZHNcLzIwMjVcLzA0XC9Sb21iYWNoLTE2LXNjYWxlZC5qcGciLCJzbGlkZXNob3ciOiJjZDA2NGQxIn0%3D\" href=\"https:\/\/www.friseur-rombach.de\/wp-content\/uploads\/2025\/04\/Rombach-16-scaled.jpg\"><figure class=\"swiper-slide-inner\"><img decoding=\"async\" class=\"swiper-slide-image\" src=\"https:\/\/www.friseur-rombach.de\/wp-content\/uploads\/elementor\/thumbs\/Rombach-16-scaled-r47jkl8e55r72ja4isjvvt3z986af3usj45436v5ug.jpg\" alt=\"Rombach-16\" \/><\/figure><\/a><\/div>\t\t\t<\/div>\n\t\t\t\t\t\t\t\t\t\t\t\t<div class=\"elementor-swiper-button elementor-swiper-button-prev\" role=\"button\" tabindex=\"0\">\n\t\t\t\t\t\t<i aria-hidden=\"true\" class=\"eicon-chevron-left\"><\/i>\t\t\t\t\t<\/div>\n\t\t\t\t\t<div class=\"elementor-swiper-button elementor-swiper-button-next\" role=\"button\" tabindex=\"0\">\n\t\t\t\t\t\t<i aria-hidden=\"true\" class=\"eicon-chevron-right\"><\/i>\t\t\t\t\t<\/div>\n\t\t\t\t\n\t\t\t\t\t\t\t\t\t<\/div>\n\t\t\t\t\t\t<\/div>\n\t\t\t\t<\/div>\n\t\t\t\t\t<\/div>\n\t\t<\/div>\n\t\t\t\t\t<\/div>\n\t\t<\/section>\n\t\t\t\t\t<\/div>\n\t\t<\/div>\n\t\t\t\t\t<\/div>\n\t\t<\/section>\n\t\t\t\t<section class=\"elementor-section elementor-top-section elementor-element elementor-element-837c4d9 elementor-section-full_width elementor-section-height-default elementor-section-height-default\" data-id=\"837c4d9\" data-element_type=\"section\" data-e-type=\"section\" id=\"Leistungen\" data-settings=\"{&quot;background_background&quot;:&quot;classic&quot;}\">\n\t\t\t\t\t\t<div class=\"elementor-container elementor-column-gap-no\">\n\t\t\t\t\t<div class=\"elementor-column elementor-col-100 elementor-top-column elementor-element elementor-element-70f1218\" data-id=\"70f1218\" data-element_type=\"column\" data-e-type=\"column\">\n\t\t\t<div class=\"elementor-widget-wrap elementor-element-populated\">\n\t\t\t\t\t\t<div class=\"elementor-element elementor-element-d89185f elementor-widget-divider--view-line_icon elementor-view-default elementor-widget-divider--element-align-center elementor-widget elementor-widget-divider\" data-id=\"d89185f\" data-element_type=\"widget\" data-e-type=\"widget\" data-widget_type=\"divider.default\">\n\t\t\t\t<div class=\"elementor-widget-container\">\n\t\t\t\t\t\t\t<div class=\"elementor-divider\">\n\t\t\t<span class=\"elementor-divider-separator\">\n\t\t\t\t\t\t\t<div class=\"elementor-icon elementor-divider__element\">\n\t\t\t\t\t<i aria-hidden=\"true\" class=\"fas fa-star\"><\/i><\/div>\n\t\t\t\t\t\t<\/span>\n\t\t<\/div>\n\t\t\t\t\t\t<\/div>\n\t\t\t\t<\/div>\n\t\t\t\t<div class=\"elementor-element elementor-element-0fa1e3d elementor-widget__width-inherit elementor-widget elementor-widget-heading\" data-id=\"0fa1e3d\" data-element_type=\"widget\" data-e-type=\"widget\" data-widget_type=\"heading.default\">\n\t\t\t\t<div class=\"elementor-widget-container\">\n\t\t\t\t\t<h2 class=\"elementor-heading-title elementor-size-xxl\">Leistungen<\/h2>\t\t\t\t<\/div>\n\t\t\t\t<\/div>\n\t\t\t\t<section class=\"elementor-section elementor-inner-section elementor-element elementor-element-2a0edb0 elementor-section-boxed elementor-section-height-default elementor-section-height-default\" data-id=\"2a0edb0\" data-element_type=\"section\" data-e-type=\"section\">\n\t\t\t\t\t\t<div class=\"elementor-container elementor-column-gap-no\">\n\t\t\t\t\t<div class=\"elementor-column elementor-col-50 elementor-inner-column elementor-element elementor-element-e610c5b\" data-id=\"e610c5b\" data-element_type=\"column\" data-e-type=\"column\">\n\t\t\t<div class=\"elementor-widget-wrap elementor-element-populated\">\n\t\t\t\t\t\t<div class=\"elementor-element elementor-element-5ffcfb2 elementor-widget elementor-widget-spacer\" data-id=\"5ffcfb2\" data-element_type=\"widget\" data-e-type=\"widget\" data-widget_type=\"spacer.default\">\n\t\t\t\t<div class=\"elementor-widget-container\">\n\t\t\t\t\t\t\t<div class=\"elementor-spacer\">\n\t\t\t<div class=\"elementor-spacer-inner\"><\/div>\n\t\t<\/div>\n\t\t\t\t\t\t<\/div>\n\t\t\t\t<\/div>\n\t\t\t\t<div class=\"elementor-element elementor-element-f52a14c elementor-widget elementor-widget-text-editor\" data-id=\"f52a14c\" data-element_type=\"widget\" data-e-type=\"widget\" data-widget_type=\"text-editor.default\">\n\t\t\t\t<div class=\"elementor-widget-container\">\n\t\t\t\t\t\t\t\t\t<p>Unser erfahrenes Team von Friseurexperten widmet sich der individuellen Gestaltung von Frisuren f\u00fcr M\u00e4nner, Frauen und Kinder. Egal, ob Sie nach einem zeitlosen, klassischen Look oder einer modernen, aktuellen Frisur suchen, wir sind darauf spezialisiert, Ihre Vorstellungen in die Realit\u00e4t umzusetzen.<\/p>\n<p>Unser umfassendes Dienstleistungsspektrum umfasst Frisurenstyling, Coloration und eine ma\u00dfgeschneiderte Beratung. Dabei verwenden wir salonexklusive Produkte, die h\u00f6chsten Qualit\u00e4tsstandards entsprechen und Ihr Haar pflegen sowie verw\u00f6hnen. Bei uns erhalten Sie nicht nur ein \u00e4sthetisches Ergebnis, sondern auch eine Auszeit vom Alltag. Lehnen Sie sich zur\u00fcck und genie\u00dfen Sie Momente der Entspannung in unserer angenehmen Atmosph\u00e4re.<\/p>\n<p>Wir legen besonderen Wert auf erstklassige Handwerkskunst und hochwertige Produkte, die Ihr Haar in Szene setzen. Unsere Experten stehen Ihnen zur Seite, um sicherzustellen, dass Sie nicht nur mit einem frischen Styling den Salon verlassen, sondern auch wissen, wie Sie die Ergebnisse zu Hause aufrechterhalten k\u00f6nnen.<\/p>\n<p>Unser Salon ist ein Ort, an dem Sie und Ihre Bed\u00fcrfnisse im Mittelpunkt stehen. Wir sind stolz darauf, einen Ort geschaffen zu haben, an dem M\u00e4nner, Frauen und Kinder gleicherma\u00dfen willkommen sind, um professionelle Dienstleistungen in Anspruch zu nehmen. Bei uns geht es um handwerkliche Pr\u00e4zision, hochwertige Produkte und pers\u00f6nlichen Service, der Ihre Erwartungen \u00fcbertrifft.<\/p>\n<p>Besuchen Sie uns und erleben Sie die Verbindung von handwerklicher Finesse und pers\u00f6nlichem Service. Unser Ziel ist es, Ihnen ein anspruchsvolles Erlebnis zu bieten, bei dem Qualit\u00e4t und Service im Vordergrund stehen.<br><\/p>\t\t\t\t\t\t\t\t<\/div>\n\t\t\t\t<\/div>\n\t\t\t\t\t<\/div>\n\t\t<\/div>\n\t\t\t\t<div class=\"elementor-column elementor-col-50 elementor-inner-column elementor-element elementor-element-6e841bc\" data-id=\"6e841bc\" data-element_type=\"column\" data-e-type=\"column\" data-settings=\"{&quot;background_background&quot;:&quot;slideshow&quot;,&quot;background_slideshow_ken_burns&quot;:&quot;yes&quot;,&quot;background_slideshow_ken_burns_zoom_direction&quot;:&quot;out&quot;,&quot;background_slideshow_gallery&quot;:[],&quot;background_slideshow_loop&quot;:&quot;yes&quot;,&quot;background_slideshow_slide_duration&quot;:5000,&quot;background_slideshow_slide_transition&quot;:&quot;fade&quot;,&quot;background_slideshow_transition_duration&quot;:500}\">\n\t\t\t<div class=\"elementor-widget-wrap elementor-element-populated\">\n\t\t\t\t\t\t<div class=\"elementor-element elementor-element-715c02a animated-fast e-transform e-transform elementor-widget elementor-widget-image\" data-id=\"715c02a\" data-element_type=\"widget\" data-e-type=\"widget\" data-settings=\"{&quot;_animation&quot;:&quot;none&quot;,&quot;_transform_scale_effect_hover&quot;:{&quot;unit&quot;:&quot;px&quot;,&quot;size&quot;:0.95,&quot;sizes&quot;:[]},&quot;_transform_scaleX_effect&quot;:{&quot;unit&quot;:&quot;px&quot;,&quot;size&quot;:&quot;&quot;,&quot;sizes&quot;:[]},&quot;_transform_scaleX_effect_tablet&quot;:{&quot;unit&quot;:&quot;px&quot;,&quot;size&quot;:&quot;&quot;,&quot;sizes&quot;:[]},&quot;_transform_scaleX_effect_mobile&quot;:{&quot;unit&quot;:&quot;px&quot;,&quot;size&quot;:&quot;&quot;,&quot;sizes&quot;:[]},&quot;_transform_scaleY_effect&quot;:{&quot;unit&quot;:&quot;px&quot;,&quot;size&quot;:&quot;&quot;,&quot;sizes&quot;:[]},&quot;_transform_scaleY_effect_tablet&quot;:{&quot;unit&quot;:&quot;px&quot;,&quot;size&quot;:&quot;&quot;,&quot;sizes&quot;:[]},&quot;_transform_scaleY_effect_mobile&quot;:{&quot;unit&quot;:&quot;px&quot;,&quot;size&quot;:&quot;&quot;,&quot;sizes&quot;:[]},&quot;_transform_scale_effect_hover_tablet&quot;:{&quot;unit&quot;:&quot;px&quot;,&quot;size&quot;:&quot;&quot;,&quot;sizes&quot;:[]},&quot;_transform_scale_effect_hover_mobile&quot;:{&quot;unit&quot;:&quot;px&quot;,&quot;size&quot;:&quot;&quot;,&quot;sizes&quot;:[]}}\" data-widget_type=\"image.default\">\n\t\t\t\t<div class=\"elementor-widget-container\">\n\t\t\t\t\t\t\t\t\t\t\t\t<figure class=\"wp-caption\">\n\t\t\t\t\t\t\t\t\t\t<img decoding=\"async\" src=\"https:\/\/www.friseur-rombach.de\/wp-content\/uploads\/2025\/04\/flux-dev-turbo-alpha_00009_.png\" title=\"flux-dev-turbo-alpha_00009_\" alt=\"flux-dev-turbo-alpha_00009_\" loading=\"lazy\" \/>\t\t\t\t\t\t\t\t\t\t\t<figcaption class=\"widget-image-caption wp-caption-text\"><\/figcaption>\n\t\t\t\t\t\t\t\t\t\t<\/figure>\n\t\t\t\t\t\t\t\t\t<\/div>\n\t\t\t\t<\/div>\n\t\t\t\t\t<\/div>\n\t\t<\/div>\n\t\t\t\t\t<\/div>\n\t\t<\/section>\n\t\t\t\t\t<\/div>\n\t\t<\/div>\n\t\t\t\t\t<\/div>\n\t\t<\/section>\n\t\t\t\t<section class=\"elementor-section elementor-top-section elementor-element elementor-element-c146a1f elementor-section-boxed elementor-section-height-default elementor-section-height-default\" data-id=\"c146a1f\" data-element_type=\"section\" data-e-type=\"section\" id=\"kontakt\" data-settings=\"{&quot;background_background&quot;:&quot;classic&quot;}\">\n\t\t\t\t\t\t<div class=\"elementor-container elementor-column-gap-no\">\n\t\t\t\t\t<div class=\"elementor-column elementor-col-100 elementor-top-column elementor-element elementor-element-859c260\" data-id=\"859c260\" data-element_type=\"column\" data-e-type=\"column\">\n\t\t\t<div class=\"elementor-widget-wrap elementor-element-populated\">\n\t\t\t\t\t\t<section class=\"elementor-section elementor-inner-section elementor-element elementor-element-d9f1e91 elementor-section-full_width elementor-section-height-min-height elementor-section-height-default\" data-id=\"d9f1e91\" data-element_type=\"section\" data-e-type=\"section\">\n\t\t\t\t\t\t<div class=\"elementor-container elementor-column-gap-no\">\n\t\t\t\t\t<div class=\"elementor-column elementor-col-100 elementor-inner-column elementor-element elementor-element-582d488\" data-id=\"582d488\" data-element_type=\"column\" data-e-type=\"column\" data-settings=\"{&quot;background_background&quot;:&quot;classic&quot;}\">\n\t\t\t<div class=\"elementor-widget-wrap elementor-element-populated\">\n\t\t\t\t\t\t<div class=\"elementor-element elementor-element-0f789cc elementor-widget-divider--view-line_icon elementor-view-default elementor-widget-divider--element-align-center elementor-widget elementor-widget-divider\" data-id=\"0f789cc\" data-element_type=\"widget\" data-e-type=\"widget\" data-widget_type=\"divider.default\">\n\t\t\t\t<div class=\"elementor-widget-container\">\n\t\t\t\t\t\t\t<div class=\"elementor-divider\">\n\t\t\t<span class=\"elementor-divider-separator\">\n\t\t\t\t\t\t\t<div class=\"elementor-icon elementor-divider__element\">\n\t\t\t\t\t<i aria-hidden=\"true\" class=\"fas fa-star\"><\/i><\/div>\n\t\t\t\t\t\t<\/span>\n\t\t<\/div>\n\t\t\t\t\t\t<\/div>\n\t\t\t\t<\/div>\n\t\t\t\t<div class=\"elementor-element elementor-element-93ece0e elementor-widget elementor-widget-heading\" data-id=\"93ece0e\" data-element_type=\"widget\" data-e-type=\"widget\" data-widget_type=\"heading.default\">\n\t\t\t\t<div class=\"elementor-widget-container\">\n\t\t\t\t\t<h2 class=\"elementor-heading-title elementor-size-default\">Kontakt<\/h2>\t\t\t\t<\/div>\n\t\t\t\t<\/div>\n\t\t\t\t\t<\/div>\n\t\t<\/div>\n\t\t\t\t\t<\/div>\n\t\t<\/section>\n\t\t\t\t<section class=\"elementor-section elementor-inner-section elementor-element elementor-element-f92161a elementor-section-full_width elementor-section-height-default elementor-section-height-default\" data-id=\"f92161a\" data-element_type=\"section\" data-e-type=\"section\">\n\t\t\t\t\t\t<div class=\"elementor-container elementor-column-gap-no\">\n\t\t\t\t\t<div class=\"elementor-column elementor-col-33 elementor-inner-column elementor-element elementor-element-9ffad9f\" data-id=\"9ffad9f\" data-element_type=\"column\" data-e-type=\"column\">\n\t\t\t<div class=\"elementor-widget-wrap elementor-element-populated\">\n\t\t\t\t\t\t<div class=\"elementor-element elementor-element-d8ef2ee animated-fast elementor-widget elementor-widget-image\" data-id=\"d8ef2ee\" data-element_type=\"widget\" data-e-type=\"widget\" data-settings=\"{&quot;_animation&quot;:&quot;none&quot;}\" data-widget_type=\"image.default\">\n\t\t\t\t<div class=\"elementor-widget-container\">\n\t\t\t\t\t\t\t\t\t\t\t\t\t\t\t<img loading=\"lazy\" decoding=\"async\" width=\"800\" height=\"941\" src=\"https:\/\/www.friseur-rombach.de\/wp-content\/uploads\/2025\/04\/Rombach-19-kontakt-871x1024.jpg\" class=\"attachment-large size-large wp-image-1475\" alt=\"\" srcset=\"https:\/\/www.friseur-rombach.de\/wp-content\/uploads\/2025\/04\/Rombach-19-kontakt-871x1024.jpg 871w, https:\/\/www.friseur-rombach.de\/wp-content\/uploads\/2025\/04\/Rombach-19-kontakt-255x300.jpg 255w, https:\/\/www.friseur-rombach.de\/wp-content\/uploads\/2025\/04\/Rombach-19-kontakt-768x902.jpg 768w, https:\/\/www.friseur-rombach.de\/wp-content\/uploads\/2025\/04\/Rombach-19-kontakt-1307x1536.jpg 1307w, https:\/\/www.friseur-rombach.de\/wp-content\/uploads\/2025\/04\/Rombach-19-kontakt-1743x2048.jpg 1743w\" sizes=\"(max-width: 800px) 100vw, 800px\" \/>\t\t\t\t\t\t\t\t\t\t\t\t\t\t\t<\/div>\n\t\t\t\t<\/div>\n\t\t\t\t\t<\/div>\n\t\t<\/div>\n\t\t\t\t<div class=\"elementor-column elementor-col-33 elementor-inner-column elementor-element elementor-element-db7ba0d\" data-id=\"db7ba0d\" data-element_type=\"column\" data-e-type=\"column\">\n\t\t\t<div class=\"elementor-widget-wrap elementor-element-populated\">\n\t\t\t\t\t\t<div class=\"elementor-element elementor-element-18aa345 elementor-widget elementor-widget-text-editor\" data-id=\"18aa345\" data-element_type=\"widget\" data-e-type=\"widget\" data-widget_type=\"text-editor.default\">\n\t\t\t\t<div class=\"elementor-widget-container\">\n\t\t\t\t\t\t\t\t\t<p><strong>Friseur Rombach &#8211; Sch\u00f6ne Haare<\/strong><\/p><p><strong>Ihr Friseur in Kirchzarten<\/strong><\/p><p>Bahnhofstr. 20<br \/>79199 Kirchzarten<br \/>Telefon: 07661 &#8211; 3003<\/p><p>\u00d6ffnungszeiten:<br \/>Dienstag bis Freitag: 8.00 &#8211; 13.00 und 14.00 &#8211; 18.00 Uhr,<br \/>Samstag: 8.00 &#8211; 13.00 Uhr<br \/>Montags geschlossen<\/p><p>Unser Friseursalon befindet sich schr\u00e4g gegen\u00fcber vom Bahnhof in Kirchzarten.<br \/>Mit \u00f6ffentlichen Verkehrsmitteln k\u00f6nnen Sie uns bestens erreichen. Die kostenlosen \u00f6ffentlichen Parkpl\u00e4tze vor dem Haus und am Bahnhof stehen Ihnen bei der Anfahrt mit dem PKW zur Verf\u00fcgung.<\/p>\t\t\t\t\t\t\t\t<\/div>\n\t\t\t\t<\/div>\n\t\t\t\t\t<\/div>\n\t\t<\/div>\n\t\t\t\t<div class=\"elementor-column elementor-col-33 elementor-inner-column elementor-element elementor-element-931aa2e\" data-id=\"931aa2e\" data-element_type=\"column\" data-e-type=\"column\">\n\t\t\t<div class=\"elementor-widget-wrap elementor-element-populated\">\n\t\t\t\t\t\t<div class=\"elementor-element elementor-element-595839b animated-fast elementor-widget elementor-widget-image\" data-id=\"595839b\" data-element_type=\"widget\" data-e-type=\"widget\" data-settings=\"{&quot;_animation&quot;:&quot;none&quot;}\" data-widget_type=\"image.default\">\n\t\t\t\t<div class=\"elementor-widget-container\">\n\t\t\t\t\t\t\t\t\t\t\t\t\t\t\t<img loading=\"lazy\" decoding=\"async\" width=\"800\" height=\"567\" src=\"https:\/\/www.friseur-rombach.de\/wp-content\/uploads\/2024\/09\/Gruppenbild.png\" class=\"attachment-large size-large wp-image-1444\" alt=\"\" srcset=\"https:\/\/www.friseur-rombach.de\/wp-content\/uploads\/2024\/09\/Gruppenbild.png 1024w, https:\/\/www.friseur-rombach.de\/wp-content\/uploads\/2024\/09\/Gruppenbild-300x213.png 300w, https:\/\/www.friseur-rombach.de\/wp-content\/uploads\/2024\/09\/Gruppenbild-768x545.png 768w\" sizes=\"(max-width: 800px) 100vw, 800px\" \/>\t\t\t\t\t\t\t\t\t\t\t\t\t\t\t<\/div>\n\t\t\t\t<\/div>\n\t\t\t\t\t<\/div>\n\t\t<\/div>\n\t\t\t\t\t<\/div>\n\t\t<\/section>\n\t\t\t\t<div class=\"elementor-element elementor-element-3bc7913 elementor-widget-divider--view-line_icon elementor-view-default elementor-widget-divider--element-align-center elementor-widget elementor-widget-divider\" data-id=\"3bc7913\" data-element_type=\"widget\" data-e-type=\"widget\" data-widget_type=\"divider.default\">\n\t\t\t\t<div class=\"elementor-widget-container\">\n\t\t\t\t\t\t\t<div class=\"elementor-divider\">\n\t\t\t<span class=\"elementor-divider-separator\">\n\t\t\t\t\t\t\t<div class=\"elementor-icon elementor-divider__element\">\n\t\t\t\t\t<i aria-hidden=\"true\" class=\"fas fa-star\"><\/i><\/div>\n\t\t\t\t\t\t<\/span>\n\t\t<\/div>\n\t\t\t\t\t\t<\/div>\n\t\t\t\t<\/div>\n\t\t\t\t\t<\/div>\n\t\t<\/div>\n\t\t\t\t\t<\/div>\n\t\t<\/section>\n\t\t\t\t<section class=\"elementor-section elementor-top-section elementor-element elementor-element-dcdd864 elementor-section-boxed elementor-section-height-default elementor-section-height-default\" data-id=\"dcdd864\" data-element_type=\"section\" data-e-type=\"section\" data-settings=\"{&quot;background_background&quot;:&quot;classic&quot;}\">\n\t\t\t\t\t\t<div class=\"elementor-container elementor-column-gap-no\">\n\t\t\t\t\t<div class=\"elementor-column elementor-col-100 elementor-top-column elementor-element elementor-element-2511387\" data-id=\"2511387\" data-element_type=\"column\" data-e-type=\"column\">\n\t\t\t<div class=\"elementor-widget-wrap elementor-element-populated\">\n\t\t\t\t\t\t<section class=\"elementor-section elementor-inner-section elementor-element elementor-element-ebe777a elementor-section-full_width elementor-section-height-min-height elementor-section-height-default\" data-id=\"ebe777a\" data-element_type=\"section\" data-e-type=\"section\">\n\t\t\t\t\t\t<div class=\"elementor-container elementor-column-gap-no\">\n\t\t\t\t\t<div class=\"elementor-column elementor-col-100 elementor-inner-column elementor-element elementor-element-abbe762\" data-id=\"abbe762\" data-element_type=\"column\" data-e-type=\"column\">\n\t\t\t<div class=\"elementor-widget-wrap\">\n\t\t\t\t\t\t\t<\/div>\n\t\t<\/div>\n\t\t\t\t\t<\/div>\n\t\t<\/section>\n\t\t\t\t<section class=\"elementor-section elementor-inner-section elementor-element elementor-element-2b30f38 elementor-section-full_width elementor-section-height-default elementor-section-height-default\" data-id=\"2b30f38\" data-element_type=\"section\" data-e-type=\"section\">\n\t\t\t\t\t\t<div class=\"elementor-container elementor-column-gap-no\">\n\t\t\t\t\t<div class=\"elementor-column elementor-col-50 elementor-inner-column elementor-element elementor-element-ab39660\" data-id=\"ab39660\" data-element_type=\"column\" data-e-type=\"column\">\n\t\t\t<div class=\"elementor-widget-wrap elementor-element-populated\">\n\t\t\t\t\t\t<div class=\"elementor-element elementor-element-a009cfa animated-fast elementor-widget elementor-widget-image\" data-id=\"a009cfa\" data-element_type=\"widget\" data-e-type=\"widget\" data-settings=\"{&quot;_animation&quot;:&quot;none&quot;}\" data-widget_type=\"image.default\">\n\t\t\t\t<div class=\"elementor-widget-container\">\n\t\t\t\t\t\t\t\t\t\t\t\t\t\t\t<img decoding=\"async\" src=\"https:\/\/www.friseur-rombach.de\/wp-content\/uploads\/2023\/06\/Labiostetiquelogo.svg\" title=\"Labiostetiquelogo\" alt=\"Labiostetiquelogo\" loading=\"lazy\" \/>\t\t\t\t\t\t\t\t\t\t\t\t\t\t\t<\/div>\n\t\t\t\t<\/div>\n\t\t\t\t\t<\/div>\n\t\t<\/div>\n\t\t\t\t<div class=\"elementor-column elementor-col-50 elementor-inner-column elementor-element elementor-element-464f514\" data-id=\"464f514\" data-element_type=\"column\" data-e-type=\"column\">\n\t\t\t<div class=\"elementor-widget-wrap elementor-element-populated\">\n\t\t\t\t\t\t<div class=\"elementor-element elementor-element-4c94d6c elementor-widget elementor-widget-heading\" data-id=\"4c94d6c\" data-element_type=\"widget\" data-e-type=\"widget\" data-widget_type=\"heading.default\">\n\t\t\t\t<div class=\"elementor-widget-container\">\n\t\t\t\t\t<h2 class=\"elementor-heading-title elementor-size-default\">MAGAZIN<\/h2>\t\t\t\t<\/div>\n\t\t\t\t<\/div>\n\t\t\t\t\t<\/div>\n\t\t<\/div>\n\t\t\t\t\t<\/div>\n\t\t<\/section>\n\t\t\t\t<section class=\"elementor-section elementor-inner-section elementor-element elementor-element-918278b elementor-section-full_width elementor-section-height-default elementor-section-height-default\" data-id=\"918278b\" data-element_type=\"section\" data-e-type=\"section\">\n\t\t\t\t\t\t<div class=\"elementor-container elementor-column-gap-no\">\n\t\t\t\t\t<div class=\"elementor-column elementor-col-50 elementor-inner-column elementor-element elementor-element-f5dfab6\" data-id=\"f5dfab6\" data-element_type=\"column\" data-e-type=\"column\">\n\t\t\t<div class=\"elementor-widget-wrap elementor-element-populated\">\n\t\t\t\t\t\t<div class=\"elementor-element elementor-element-c2994ad elementor-widget elementor-widget-heading\" data-id=\"c2994ad\" data-element_type=\"widget\" data-e-type=\"widget\" data-widget_type=\"heading.default\">\n\t\t\t\t<div class=\"elementor-widget-container\">\n\t\t\t\t\t<h2 class=\"elementor-heading-title elementor-size-default\"><a href=\"https:\/\/www.labiosthetique.de\/magazine\/lookbook\" target=\"_blank\">Lookbook<\/a><\/h2>\t\t\t\t<\/div>\n\t\t\t\t<\/div>\n\t\t\t\t<div class=\"elementor-element elementor-element-fa1912c animated-fast e-transform e-transform elementor-widget elementor-widget-image\" data-id=\"fa1912c\" data-element_type=\"widget\" data-e-type=\"widget\" data-settings=\"{&quot;_animation&quot;:&quot;none&quot;,&quot;_transform_scale_effect_hover&quot;:{&quot;unit&quot;:&quot;px&quot;,&quot;size&quot;:0.95,&quot;sizes&quot;:[]},&quot;_transform_scaleX_effect&quot;:{&quot;unit&quot;:&quot;px&quot;,&quot;size&quot;:&quot;&quot;,&quot;sizes&quot;:[]},&quot;_transform_scaleX_effect_tablet&quot;:{&quot;unit&quot;:&quot;px&quot;,&quot;size&quot;:&quot;&quot;,&quot;sizes&quot;:[]},&quot;_transform_scaleX_effect_mobile&quot;:{&quot;unit&quot;:&quot;px&quot;,&quot;size&quot;:&quot;&quot;,&quot;sizes&quot;:[]},&quot;_transform_scaleY_effect&quot;:{&quot;unit&quot;:&quot;px&quot;,&quot;size&quot;:&quot;&quot;,&quot;sizes&quot;:[]},&quot;_transform_scaleY_effect_tablet&quot;:{&quot;unit&quot;:&quot;px&quot;,&quot;size&quot;:&quot;&quot;,&quot;sizes&quot;:[]},&quot;_transform_scaleY_effect_mobile&quot;:{&quot;unit&quot;:&quot;px&quot;,&quot;size&quot;:&quot;&quot;,&quot;sizes&quot;:[]},&quot;_transform_scale_effect_hover_tablet&quot;:{&quot;unit&quot;:&quot;px&quot;,&quot;size&quot;:&quot;&quot;,&quot;sizes&quot;:[]},&quot;_transform_scale_effect_hover_mobile&quot;:{&quot;unit&quot;:&quot;px&quot;,&quot;size&quot;:&quot;&quot;,&quot;sizes&quot;:[]}}\" data-widget_type=\"image.default\">\n\t\t\t\t<div class=\"elementor-widget-container\">\n\t\t\t\t\t\t\t\t\t\t\t\t<figure class=\"wp-caption\">\n\t\t\t\t\t\t\t\t\t\t\t<a href=\"https:\/\/www.labiosthetique.de\/magazine\/lookbook\" target=\"_blank\">\n\t\t\t\t\t\t\t<img decoding=\"async\" src=\"https:\/\/www.friseur-rombach.de\/wp-content\/uploads\/2023\/06\/AdobeStock_226778354.jpg\" title=\"portrait of beautiful young woman with long curly hair looking a\" alt=\"LIGHTFIELD STUDIOS - stock.adobe.com\" loading=\"lazy\" \/>\t\t\t\t\t\t\t\t<\/a>\n\t\t\t\t\t\t\t\t\t\t\t<figcaption class=\"widget-image-caption wp-caption-text\">LIGHTFIELD STUDIOS - stock.adobe.com<\/figcaption>\n\t\t\t\t\t\t\t\t\t\t<\/figure>\n\t\t\t\t\t\t\t\t\t<\/div>\n\t\t\t\t<\/div>\n\t\t\t\t\t<\/div>\n\t\t<\/div>\n\t\t\t\t<div class=\"elementor-column elementor-col-50 elementor-inner-column elementor-element elementor-element-37fd3bf\" data-id=\"37fd3bf\" data-element_type=\"column\" data-e-type=\"column\">\n\t\t\t<div class=\"elementor-widget-wrap elementor-element-populated\">\n\t\t\t\t\t\t<div class=\"elementor-element elementor-element-59f74e8 e-transform elementor-widget elementor-widget-heading\" data-id=\"59f74e8\" data-element_type=\"widget\" data-e-type=\"widget\" data-settings=\"{&quot;_transform_scaleX_effect_hover&quot;:{&quot;unit&quot;:&quot;px&quot;,&quot;size&quot;:&quot;&quot;,&quot;sizes&quot;:[]},&quot;_transform_scaleX_effect_hover_tablet&quot;:{&quot;unit&quot;:&quot;px&quot;,&quot;size&quot;:&quot;&quot;,&quot;sizes&quot;:[]},&quot;_transform_scaleX_effect_hover_mobile&quot;:{&quot;unit&quot;:&quot;px&quot;,&quot;size&quot;:&quot;&quot;,&quot;sizes&quot;:[]},&quot;_transform_scaleY_effect_hover&quot;:{&quot;unit&quot;:&quot;px&quot;,&quot;size&quot;:&quot;&quot;,&quot;sizes&quot;:[]},&quot;_transform_scaleY_effect_hover_tablet&quot;:{&quot;unit&quot;:&quot;px&quot;,&quot;size&quot;:&quot;&quot;,&quot;sizes&quot;:[]},&quot;_transform_scaleY_effect_hover_mobile&quot;:{&quot;unit&quot;:&quot;px&quot;,&quot;size&quot;:&quot;&quot;,&quot;sizes&quot;:[]}}\" data-widget_type=\"heading.default\">\n\t\t\t\t<div class=\"elementor-widget-container\">\n\t\t\t\t\t<h2 class=\"elementor-heading-title elementor-size-default\"><a href=\"https:\/\/www.labiosthetique.de\/magazine\/beauty-news\" target=\"_blank\">Beauty news<\/a><\/h2>\t\t\t\t<\/div>\n\t\t\t\t<\/div>\n\t\t\t\t<div class=\"elementor-element elementor-element-484e9ed animated-fast e-transform e-transform elementor-widget elementor-widget-image\" data-id=\"484e9ed\" data-element_type=\"widget\" data-e-type=\"widget\" data-settings=\"{&quot;_animation&quot;:&quot;none&quot;,&quot;_transform_scale_effect_hover&quot;:{&quot;unit&quot;:&quot;px&quot;,&quot;size&quot;:0.95,&quot;sizes&quot;:[]},&quot;_transform_scaleX_effect&quot;:{&quot;unit&quot;:&quot;px&quot;,&quot;size&quot;:&quot;&quot;,&quot;sizes&quot;:[]},&quot;_transform_scaleX_effect_tablet&quot;:{&quot;unit&quot;:&quot;px&quot;,&quot;size&quot;:&quot;&quot;,&quot;sizes&quot;:[]},&quot;_transform_scaleX_effect_mobile&quot;:{&quot;unit&quot;:&quot;px&quot;,&quot;size&quot;:&quot;&quot;,&quot;sizes&quot;:[]},&quot;_transform_scaleY_effect&quot;:{&quot;unit&quot;:&quot;px&quot;,&quot;size&quot;:&quot;&quot;,&quot;sizes&quot;:[]},&quot;_transform_scaleY_effect_tablet&quot;:{&quot;unit&quot;:&quot;px&quot;,&quot;size&quot;:&quot;&quot;,&quot;sizes&quot;:[]},&quot;_transform_scaleY_effect_mobile&quot;:{&quot;unit&quot;:&quot;px&quot;,&quot;size&quot;:&quot;&quot;,&quot;sizes&quot;:[]},&quot;_transform_scale_effect_hover_tablet&quot;:{&quot;unit&quot;:&quot;px&quot;,&quot;size&quot;:&quot;&quot;,&quot;sizes&quot;:[]},&quot;_transform_scale_effect_hover_mobile&quot;:{&quot;unit&quot;:&quot;px&quot;,&quot;size&quot;:&quot;&quot;,&quot;sizes&quot;:[]}}\" data-widget_type=\"image.default\">\n\t\t\t\t<div class=\"elementor-widget-container\">\n\t\t\t\t\t\t\t\t\t\t\t\t<figure class=\"wp-caption\">\n\t\t\t\t\t\t\t\t\t\t\t<a href=\"https:\/\/www.labiosthetique.de\/magazine\/beauty-news\" target=\"_blank\">\n\t\t\t\t\t\t\t<img decoding=\"async\" src=\"https:\/\/www.friseur-rombach.de\/wp-content\/uploads\/2023\/06\/AdobeStock_307400466.jpg\" title=\"Profile side photo of dream dreamy girl enjoy spa salon skin care treatment feel wellness flawless isolated over pastel color background\" alt=\"deagreez - stock.adobe.com\" loading=\"lazy\" \/>\t\t\t\t\t\t\t\t<\/a>\n\t\t\t\t\t\t\t\t\t\t\t<figcaption class=\"widget-image-caption wp-caption-text\">deagreez - stock.adobe.com<\/figcaption>\n\t\t\t\t\t\t\t\t\t\t<\/figure>\n\t\t\t\t\t\t\t\t\t<\/div>\n\t\t\t\t<\/div>\n\t\t\t\t\t<\/div>\n\t\t<\/div>\n\t\t\t\t\t<\/div>\n\t\t<\/section>\n\t\t\t\t<div class=\"elementor-element elementor-element-cfba4c8 elementor-widget-divider--view-line_icon elementor-view-default elementor-widget-divider--element-align-center elementor-widget elementor-widget-divider\" data-id=\"cfba4c8\" data-element_type=\"widget\" data-e-type=\"widget\" data-widget_type=\"divider.default\">\n\t\t\t\t<div class=\"elementor-widget-container\">\n\t\t\t\t\t\t\t<div class=\"elementor-divider\">\n\t\t\t<span class=\"elementor-divider-separator\">\n\t\t\t\t\t\t\t<div class=\"elementor-icon elementor-divider__element\">\n\t\t\t\t\t<i aria-hidden=\"true\" class=\"fas fa-star\"><\/i><\/div>\n\t\t\t\t\t\t<\/span>\n\t\t<\/div>\n\t\t\t\t\t\t<\/div>\n\t\t\t\t<\/div>\n\t\t\t\t\t<\/div>\n\t\t<\/div>\n\t\t\t\t\t<\/div>\n\t\t<\/section>\n\t\t\t\t<section class=\"elementor-section elementor-top-section elementor-element elementor-element-9e1ff3d elementor-section-full_width elementor-section-height-default elementor-section-height-default\" data-id=\"9e1ff3d\" data-element_type=\"section\" data-e-type=\"section\">\n\t\t\t\t\t\t<div class=\"elementor-container elementor-column-gap-default\">\n\t\t\t\t\t<div class=\"elementor-column elementor-col-100 elementor-top-column elementor-element elementor-element-ba80adc\" data-id=\"ba80adc\" data-element_type=\"column\" data-e-type=\"column\">\n\t\t\t<div class=\"elementor-widget-wrap elementor-element-populated\">\n\t\t\t\t\t\t<div class=\"elementor-element elementor-element-1cde1a7 elementor-widget__width-initial elementor-widget elementor-widget-eael-adv-tabs\" data-id=\"1cde1a7\" data-element_type=\"widget\" data-e-type=\"widget\" id=\"impressum\" data-widget_type=\"eael-adv-tabs.default\">\n\t\t\t\t<div class=\"elementor-widget-container\">\n\t\t\t\t\t        <div data-scroll-on-click=\"no\" data-scroll-speed=\"300\" id=\"eael-advance-tabs-1cde1a7\" class=\"eael-advance-tabs eael-tabs-horizontal  \" data-tabid=\"1cde1a7\">\n            <div class=\"eael-tabs-nav \">\n                <ul class=\"eael-tab-inline-icon\" role=\"tablist\">\n                                            <li id=\"impressum\" class=\" eael-tab-item-trigger eael-tab-nav-item\" aria-selected=\"true\" data-tab=\"1\" role=\"tab\" tabindex=\"0\" aria-controls=\"impressum-tab\" aria-expanded=\"false\">\n                            \n                                                                <i class=\"fas fa-info\"><\/i>                                                            \n                                                            <div class=\"eael-tab-title title-after-icon\" >impressum<\/div>                            \n                                                    <\/li>\n                                            <li id=\"datenschutz\" class=\"inactive eael-tab-item-trigger eael-tab-nav-item\" aria-selected=\"false\" data-tab=\"2\" role=\"tab\" tabindex=\"-1\" aria-controls=\"datenschutz-tab\" aria-expanded=\"false\">\n                            \n                                                                <i class=\"fas fa-user-lock\"><\/i>                                                            \n                                                            <div class=\"eael-tab-title title-after-icon\" >datenschutz<\/div>                            \n                                                    <\/li>\n                    \n                                  <\/ul>\n            <\/div>\n            \n            <div class=\"eael-tabs-content\">\n\t\t        \n                    <div id=\"impressum-tab\" class=\"clearfix eael-tab-content-item \" data-title-link=\"impressum-tab\">\n\t\t\t\t        <h2>Impressum<\/h2><h2 id=\"m46\">Diensteanbieter<\/h2><p>Friseur Rombach<\/p><p>Bahnhofstr. 20<\/p><p>79199 Kirchzarten<\/p><h2 id=\"m56\">Kontaktm\u00f6glichkeiten<\/h2><p>E-Mail-Adresse:<\/p><p>info@friseur-rombach.de<\/p><p>Telefon:<\/p><p>++49 172 7154304<\/p><h2 id=\"m153\">Vertretungsberechtigte Personen<\/h2><p>Vertretungsberechtigt:<\/p><p>Bernhard Maier (Inhaber)<\/p><h2 id=\"m151\">Register und Registernummer<\/h2><p>Gef\u00fchrt bei:<\/p><p>Handwerkskammer Freiburg<\/p><p>Nummer:<\/p><p>Betriebs-Nr: 0039355<\/p><p>Umsatzsteuer Identifikationsnummer (USt-ID):<\/p><p>DE352260741<\/p><h2 id=\"m65\">Haftungs- und Schutzrechtshinweise<\/h2><p>Haftungsausschluss: Die Inhalte dieses Onlineangebotes wurden sorgf\u00e4ltig und nach unserem aktuellen Kenntnisstand erstellt, dienen jedoch nur der Information und entfalten keine rechtlich bindende Wirkung, sofern es sich nicht um gesetzlich verpflichtende Informationen (z.B. das Impressum, die Datenschutzerkl\u00e4rung, AGB oder verpflichtende Belehrungen von Verbrauchern) handelt. Wir behalten uns vor, die Inhalte vollst\u00e4ndig oder teilweise zu \u00e4ndern oder zu l\u00f6schen, soweit vertragliche Verpflichtungen unber\u00fchrt bleiben. Alle Angebote sind freibleibend und unverbindlich.<\/p><p>Links auf fremde Webseiten: Die Inhalte fremder Webseiten, auf die wir direkt oder indirekt verweisen, liegen au\u00dferhalb unseres Verantwortungsbereiches und wir machen sie uns nicht zu Eigen. F\u00fcr alle Inhalte und Nachteile, die aus der Nutzung der in den verlinkten Webseiten aufrufbaren Informationen entstehen, \u00fcbernehmen wir keine Verantwortung.<\/p><h2 id=\"m169\">Bildnachweise<\/h2><p>Bildquellen und Urheberrechtshinweise:<\/p><p>Felix Tritschler<\/p><p>andrii &#8211; stock.adobe.com<\/p><p>cookie studio &#8211; stock.adobe.com<\/p><p>viacheslav yakobchuk &#8211; stock.adobe.com<\/p><p>lightfield studios &#8211; stock.adobe.com<\/p><p>deagreez &#8211; stock.adobe.com<\/p><p class=\"seal\"><a title=\"Rechtstext von Dr. Schwenke - f\u00fcr weitere Informationen bitte anklicken.\" href=\"https:\/\/datenschutz-generator.de\/\" target=\"_blank\" rel=\"noopener noreferrer nofollow\"><img loading=\"lazy\" decoding=\"async\" src=\"https:\/\/datenschutz-generator.de\/wp-content\/plugins\/ts-dsg\/images\/dsg-seal\/dsg-seal-doc-de.png\" alt=\"Rechtstext von Dr. Schwenke - f\u00fcr weitere Informationen bitte anklicken.\" width=\"250\" height=\"250\" \/><\/a><\/p>                    <\/div>\n\t\t        \n                    <div id=\"datenschutz-tab\" class=\"clearfix eael-tab-content-item inactive\" data-title-link=\"datenschutz-tab\">\n\t\t\t\t        <h2>Datenschutzerkl\u00e4rung<\/h2><h2 id=\"m716\">Pr\u00e4ambel<\/h2><p>Mit der folgenden Datenschutzerkl\u00e4rung m\u00f6chten wir Sie dar\u00fcber aufkl\u00e4ren, welche Arten Ihrer personenbezogenen Daten (nachfolgend auch kurz als &#8222;Daten\u201c bezeichnet) wir zu welchen Zwecken und in welchem Umfang verarbeiten. Die Datenschutzerkl\u00e4rung gilt f\u00fcr alle von uns durchgef\u00fchrten Verarbeitungen personenbezogener Daten, sowohl im Rahmen der Erbringung unserer Leistungen als auch insbesondere auf unseren Webseiten, in mobilen Applikationen sowie innerhalb externer Onlinepr\u00e4senzen, wie z.B. unserer Social-Media-Profile (nachfolgend zusammenfassend bezeichnet als &#8222;Onlineangebot\u201c).<\/p><p>Die verwendeten Begriffe sind nicht geschlechtsspezifisch.<\/p><p>Stand: 8. August 2023<\/p><p class=\"seal\"><a title=\"Rechtstext von Dr. Schwenke - f\u00fcr weitere Informationen bitte anklicken.\" href=\"https:\/\/datenschutz-generator.de\/\" target=\"_blank\" rel=\"noopener noreferrer nofollow\"><img loading=\"lazy\" decoding=\"async\" src=\"https:\/\/datenschutz-generator.de\/wp-content\/plugins\/ts-dsg\/images\/dsg-seal\/dsg-seal-pp-de.png\" alt=\"Rechtstext von Dr. Schwenke - f\u00fcr weitere Informationen bitte anklicken.\" width=\"250\" height=\"250\" \/><\/a><\/p><h2>Inhalts\u00fcbersicht<\/h2><ol><li><strong><a class=\"index-link\" href=\"#m716\">Pr\u00e4ambel<\/a><\/strong><\/li><li><strong><a class=\"index-link\" href=\"#m3\">Verantwortlicher<\/a><\/strong><\/li><li><strong><a class=\"index-link\" href=\"#mOverview\">\u00dcbersicht der Verarbeitungen<\/a><\/strong><\/li><li><strong><a class=\"index-link\" href=\"#m2427\">Ma\u00dfgebliche Rechtsgrundlagen<\/a><\/strong><\/li><li><strong><a class=\"index-link\" href=\"#m27\">Sicherheitsma\u00dfnahmen<\/a><\/strong><\/li><li><strong><a class=\"index-link\" href=\"#m25\">\u00dcbermittlung von personenbezogenen Daten<\/a><\/strong><\/li><li><strong><a class=\"index-link\" href=\"#m24\">Internationale Datentransfers<\/a><\/strong><\/li><li><strong><a class=\"index-link\" href=\"#m12\">L\u00f6schung von Daten<\/a><\/strong><\/li><li><strong><a class=\"index-link\" href=\"#m10\">Rechte der betroffenen Personen<\/a><\/strong><\/li><li><strong><a class=\"index-link\" href=\"#m134\">Einsatz von Cookies<\/a><\/strong><\/li><li><strong><a class=\"index-link\" href=\"#m317\">Gesch\u00e4ftliche Leistungen<\/a><\/strong><\/li><li><strong><a class=\"index-link\" href=\"#m605\">Einsatz von Online-Plattformen zu Angebots- und Vertriebszwecken<\/a><\/strong><\/li><li><strong><a class=\"index-link\" href=\"#m225\">Bereitstellung des Onlineangebotes und Webhosting<\/a><\/strong><\/li><li><strong><a class=\"index-link\" href=\"#m182\">Kontakt- und Anfragenverwaltung<\/a><\/strong><\/li><li><strong><a class=\"index-link\" href=\"#m328\">Plugins und eingebettete Funktionen sowie Inhalte<\/a><\/strong><\/li><li><strong><a class=\"index-link\" href=\"#m15\">\u00c4nderung und Aktualisierung der Datenschutzerkl\u00e4rung<\/a><\/strong><\/li><li><strong><a class=\"index-link\" href=\"#m42\">Begriffsdefinitionen<\/a><\/strong><\/li><\/ol><h2 id=\"m3\">Verantwortlicher<\/h2><p>Bernhard Maier<br \/>Bahnhofstr. 20<br \/>79199 Kirchzarten<\/p><p>E-Mail-Adresse:<\/p><p>info@friseur-rombach.de<\/p><h2 id=\"m2427\">Ma\u00dfgebliche Rechtsgrundlagen<\/h2><p><strong>Ma\u00dfgebliche Rechtsgrundlagen nach der DSGVO: <\/strong>Im Folgenden erhalten Sie eine \u00dcbersicht der Rechtsgrundlagen der DSGVO, auf deren Basis wir personenbezogene Daten verarbeiten. Bitte nehmen Sie zur Kenntnis, dass neben den Regelungen der DSGVO nationale Datenschutzvorgaben in Ihrem bzw. unserem Wohn- oder Sitzland gelten k\u00f6nnen. Sollten ferner im Einzelfall speziellere Rechtsgrundlagen ma\u00dfgeblich sein, teilen wir Ihnen diese in der Datenschutzerkl\u00e4rung mit.<\/p><ul><li><strong>Einwilligung (Art. 6 Abs. 1 S. 1 lit. a) DSGVO)<\/strong> &#8211; Die betroffene Person hat ihre Einwilligung in die Verarbeitung der sie betreffenden personenbezogenen Daten f\u00fcr einen spezifischen Zweck oder mehrere bestimmte Zwecke gegeben.<\/li><li><strong>Vertragserf\u00fcllung und vorvertragliche Anfragen (Art. 6 Abs. 1 S. 1 lit. b) DSGVO)<\/strong> &#8211; Die Verarbeitung ist f\u00fcr die Erf\u00fcllung eines Vertrags, dessen Vertragspartei die betroffene Person ist, oder zur Durchf\u00fchrung vorvertraglicher Ma\u00dfnahmen erforderlich, die auf Anfrage der betroffenen Person erfolgen.<\/li><li><strong>Rechtliche Verpflichtung (Art. 6 Abs. 1 S. 1 lit. c) DSGVO)<\/strong> &#8211; Die Verarbeitung ist zur Erf\u00fcllung einer rechtlichen Verpflichtung erforderlich, der der Verantwortliche unterliegt.<\/li><li><strong>Berechtigte Interessen (Art. 6 Abs. 1 S. 1 lit. f) DSGVO)<\/strong> &#8211; Die Verarbeitung ist zur Wahrung der berechtigten Interessen des Verantwortlichen oder eines Dritten erforderlich, sofern nicht die Interessen oder Grundrechte und Grundfreiheiten der betroffenen Person, die den Schutz personenbezogener Daten erfordern, \u00fcberwiegen.<\/li><\/ul><p><strong>Nationale Datenschutzregelungen in Deutschland: <\/strong>Zus\u00e4tzlich zu den Datenschutzregelungen der DSGVO gelten nationale Regelungen zum Datenschutz in Deutschland. Hierzu geh\u00f6rt insbesondere das Gesetz zum Schutz vor Missbrauch personenbezogener Daten bei der Datenverarbeitung (Bundesdatenschutzgesetz \u2013 BDSG). Das BDSG enth\u00e4lt insbesondere Spezialregelungen zum Recht auf Auskunft, zum Recht auf L\u00f6schung, zum Widerspruchsrecht, zur Verarbeitung besonderer Kategorien personenbezogener Daten, zur Verarbeitung f\u00fcr andere Zwecke und zur \u00dcbermittlung sowie automatisierten Entscheidungsfindung im Einzelfall einschlie\u00dflich Profiling. Ferner k\u00f6nnen Landesdatenschutzgesetze der einzelnen Bundesl\u00e4nder zur Anwendung gelangen.<\/p><h2 id=\"mOverview\">\u00dcbersicht der Verarbeitungen<\/h2><p>Die nachfolgende \u00dcbersicht fasst die Arten der verarbeiteten Daten und die Zwecke ihrer Verarbeitung zusammen und verweist auf die betroffenen Personen.<\/p><h3>Arten der verarbeiteten Daten<\/h3><ul><li>Bestandsdaten.<\/li><li>Zahlungsdaten.<\/li><li>Kontaktdaten.<\/li><li>Inhaltsdaten.<\/li><li>Vertragsdaten.<\/li><li>Nutzungsdaten.<\/li><li>Meta-, Kommunikations- und Verfahrensdaten.<\/li><\/ul><h3>Kategorien betroffener Personen<\/h3><ul><li>Kunden.<\/li><li>Interessenten.<\/li><li>Kommunikationspartner.<\/li><li>Nutzer.<\/li><li>Gesch\u00e4fts- und Vertragspartner.<\/li><\/ul><h3>Zwecke der Verarbeitung<\/h3><ul><li>Erbringung vertraglicher Leistungen und erf\u00fcllung vertraglicher Pflichten.<\/li><li>Kontaktanfragen und Kommunikation.<\/li><li>Sicherheitsma\u00dfnahmen.<\/li><li>B\u00fcro- und Organisationsverfahren.<\/li><li>Verwaltung und Beantwortung von Anfragen.<\/li><li>Feedback.<\/li><li>Marketing.<\/li><li>Bereitstellung unseres Onlineangebotes und Nutzerfreundlichkeit.<\/li><li>Informationstechnische Infrastruktur.<\/li><\/ul><h2 id=\"m27\">Sicherheitsma\u00dfnahmen<\/h2><p>Wir treffen nach Ma\u00dfgabe der gesetzlichen Vorgaben unter Ber\u00fccksichtigung des Stands der Technik, der Implementierungskosten und der Art, des Umfangs, der Umst\u00e4nde und der Zwecke der Verarbeitung sowie der unterschiedlichen Eintrittswahrscheinlichkeiten und des Ausma\u00dfes der Bedrohung der Rechte und Freiheiten nat\u00fcrlicher Personen geeignete technische und organisatorische Ma\u00dfnahmen, um ein dem Risiko angemessenes Schutzniveau zu gew\u00e4hrleisten.<\/p><p>Zu den Ma\u00dfnahmen geh\u00f6ren insbesondere die Sicherung der Vertraulichkeit, Integrit\u00e4t und Verf\u00fcgbarkeit von Daten durch Kontrolle des physischen und elektronischen Zugangs zu den Daten als auch des sie betreffenden Zugriffs, der Eingabe, der Weitergabe, der Sicherung der Verf\u00fcgbarkeit und ihrer Trennung. Des Weiteren haben wir Verfahren eingerichtet, die eine Wahrnehmung von Betroffenenrechten, die L\u00f6schung von Daten und Reaktionen auf die Gef\u00e4hrdung der Daten gew\u00e4hrleisten. Ferner ber\u00fccksichtigen wir den Schutz personenbezogener Daten bereits bei der Entwicklung bzw. Auswahl von Hardware, Software sowie Verfahren entsprechend dem Prinzip des Datenschutzes, durch Technikgestaltung und durch datenschutzfreundliche Voreinstellungen.<\/p><p>TLS-Verschl\u00fcsselung (https): Um Ihre via unserem Online-Angebot \u00fcbermittelten Daten zu sch\u00fctzen, nutzen wir eine TLS-Verschl\u00fcsselung. Sie erkennen derart verschl\u00fcsselte Verbindungen an dem Pr\u00e4fix https:\/\/ in der Adresszeile Ihres Browsers.<\/p><h2 id=\"m25\">\u00dcbermittlung von personenbezogenen Daten<\/h2><p>Im Rahmen unserer Verarbeitung von personenbezogenen Daten kommt es vor, dass die Daten an andere Stellen, Unternehmen, rechtlich selbstst\u00e4ndige Organisationseinheiten oder Personen \u00fcbermittelt oder sie ihnen gegen\u00fcber offengelegt werden. Zu den Empf\u00e4ngern dieser Daten k\u00f6nnen z.B. mit IT-Aufgaben beauftragte Dienstleister oder Anbieter von Diensten und Inhalten, die in eine Webseite eingebunden werden, geh\u00f6ren. In solchen F\u00e4llen beachten wir die gesetzlichen Vorgaben und schlie\u00dfen insbesondere entsprechende Vertr\u00e4ge bzw. Vereinbarungen, die dem Schutz Ihrer Daten dienen, mit den Empf\u00e4ngern Ihrer Daten ab.<\/p><h2 id=\"m24\">Internationale Datentransfers<\/h2><p>Datenverarbeitung in Drittl\u00e4ndern: Sofern wir Daten in einem Drittland (d.h., au\u00dferhalb der Europ\u00e4ischen Union (EU), des Europ\u00e4ischen Wirtschaftsraums (EWR)) verarbeiten oder die Verarbeitung im Rahmen der Inanspruchnahme von Diensten Dritter oder der Offenlegung bzw. \u00dcbermittlung von Daten an andere Personen, Stellen oder Unternehmen stattfindet, erfolgt dies nur im Einklang mit den gesetzlichen Vorgaben.<\/p><p>Vorbehaltlich ausdr\u00fccklicher Einwilligung oder vertraglich oder gesetzlich erforderlicher \u00dcbermittlung (s. Art. 49 DSGVO) verarbeiten oder lassen wir die Daten nur in Drittl\u00e4ndern mit einem anerkannten Datenschutzniveau (Art. 45 DSGVO), beim Vorliegen und Einhaltung vertraglichen Verpflichtung durch sogenannte Standardschutzklauseln der EU-Kommission (Art. 46 DSGVO) oder beim Vorliegen von Zertifizierungen oder verbindlicher internen Datenschutzvorschriften (s. Art. 44 bis 49 DSGVO, Informationsseite der EU-Kommission: <a href=\"https:\/\/ec.europa.eu\/info\/law\/law-topic\/data-protection\/international-dimension-data-protection_de\" target=\"_blank\" rel=\"noopener\">https:\/\/ec.europa.eu\/info\/law\/law-topic\/data-protection\/international-dimension-data-protection_de<\/a>).<\/p><p>EU-US Trans-Atlantic Data Privacy Framework: Im Rahmen des sogenannten \u201eData Privacy Framework\u201d (DPF) hat die EU-Kommission das Datenschutzniveau ebenfalls f\u00fcr bestimmte Unternehmen aus den USA im Rahmen der Angemessenheitsbeschlusses vom 10.07.2023 als sicher anerkannt. Die Liste der zertifizierten Unternehmen als auch weitere Informationen zu dem DPF k\u00f6nnen Sie der Webseite des Handelsministeriums der USA unter <a href=\"https:\/\/www.dataprivacyframework.gov\/\" target=\"_blank\" rel=\"noopener\">https:\/\/www.dataprivacyframework.gov\/<\/a> (in Englisch) entnehmen. Wir informieren Sie im Rahmen der Datenschutzhinweise welche von uns eingesetzten Diensteanbieter unter dem Data Privacy Framework zertifiziert sind.<\/p><h2 id=\"m12\">L\u00f6schung von Daten<\/h2><p>Die von uns verarbeiteten Daten werden nach Ma\u00dfgabe der gesetzlichen Vorgaben gel\u00f6scht, sobald deren zur Verarbeitung erlaubten Einwilligungen widerrufen werden oder sonstige Erlaubnisse entfallen (z.B. wenn der Zweck der Verarbeitung dieser Daten entfallen ist oder sie f\u00fcr den Zweck nicht erforderlich sind). Sofern die Daten nicht gel\u00f6scht werden, weil sie f\u00fcr andere und gesetzlich zul\u00e4ssige Zwecke erforderlich sind, wird deren Verarbeitung auf diese Zwecke beschr\u00e4nkt. D.h., die Daten werden gesperrt und nicht f\u00fcr andere Zwecke verarbeitet. Das gilt z.B. f\u00fcr Daten, die aus handels- oder steuerrechtlichen Gr\u00fcnden aufbewahrt werden m\u00fcssen oder deren Speicherung zur Geltendmachung, Aus\u00fcbung oder Verteidigung von Rechtsanspr\u00fcchen oder zum Schutz der Rechte einer anderen nat\u00fcrlichen oder juristischen Person erforderlich ist.<\/p><p>Im Rahmen unserer Datenschutzhinweise k\u00f6nnen wir den Nutzern weitere Informationen zu der L\u00f6schung sowie zu der Aufbewahrung von Daten mitteilen, die speziell f\u00fcr die jeweiligen Verarbeitungsprozesses gelten.<\/p><h2 id=\"m10\">Rechte der betroffenen Personen<\/h2><p>Rechte der betroffenen Personen aus der DSGVO: Ihnen stehen als Betroffene nach der DSGVO verschiedene Rechte zu, die sich insbesondere aus Art. 15 bis 21 DSGVO ergeben:<\/p><ul><li><strong>Widerspruchsrecht: Sie haben das Recht, aus Gr\u00fcnden, die sich aus Ihrer besonderen Situation ergeben, jederzeit gegen die Verarbeitung der Sie betreffenden personenbezogenen Daten, die aufgrund von Art. 6 Abs. 1 lit. e oder f DSGVO erfolgt, Widerspruch einzulegen; dies gilt auch f\u00fcr ein auf diese Bestimmungen gest\u00fctztes Profiling. Werden die Sie betreffenden personenbezogenen Daten verarbeitet, um Direktwerbung zu betreiben, haben Sie das Recht, jederzeit Widerspruch gegen die Verarbeitung der Sie betreffenden personenbezogenen Daten zum Zwecke derartiger Werbung einzulegen; dies gilt auch f\u00fcr das Profiling, soweit es mit solcher Direktwerbung in Verbindung steht.<\/strong><\/li><li><strong>Widerrufsrecht bei Einwilligungen:<\/strong> Sie haben das Recht, erteilte Einwilligungen jederzeit zu widerrufen.<\/li><li><strong>Auskunftsrecht:<\/strong> Sie haben das Recht, eine Best\u00e4tigung dar\u00fcber zu verlangen, ob betreffende Daten verarbeitet werden und auf Auskunft \u00fcber diese Daten sowie auf weitere Informationen und Kopie der Daten entsprechend den gesetzlichen Vorgaben.<\/li><li><strong>Recht auf Berichtigung:<\/strong> Sie haben entsprechend den gesetzlichen Vorgaben das Recht, die Vervollst\u00e4ndigung der Sie betreffenden Daten oder die Berichtigung der Sie betreffenden unrichtigen Daten zu verlangen.<\/li><li><strong>Recht auf L\u00f6schung und Einschr\u00e4nkung der Verarbeitung:<\/strong> Sie haben nach Ma\u00dfgabe der gesetzlichen Vorgaben das Recht, zu verlangen, dass Sie betreffende Daten unverz\u00fcglich gel\u00f6scht werden, bzw. alternativ nach Ma\u00dfgabe der gesetzlichen Vorgaben eine Einschr\u00e4nkung der Verarbeitung der Daten zu verlangen.<\/li><li><strong>Recht auf Daten\u00fcbertragbarkeit:<\/strong> Sie haben das Recht, Sie betreffende Daten, die Sie uns bereitgestellt haben, nach Ma\u00dfgabe der gesetzlichen Vorgaben in einem strukturierten, g\u00e4ngigen und maschinenlesbaren Format zu erhalten oder deren \u00dcbermittlung an einen anderen Verantwortlichen zu fordern.<\/li><li><strong>Beschwerde bei Aufsichtsbeh\u00f6rde:<\/strong> Entsprechend den gesetzlichen Vorgaben und unbeschadet eines anderweitigen verwaltungsrechtlichen oder gerichtlichen Rechtsbehelfs, haben Sie ferner das Recht, bei einer Datenschutzaufsichtsbeh\u00f6rde, insbesondere einer Aufsichtsbeh\u00f6rde im Mitgliedstaat, in dem Sie sich gew\u00f6hnlich aufhalten, der Aufsichtsbeh\u00f6rde Ihres Arbeitsplatzes oder des Ortes des mutma\u00dflichen Versto\u00dfes, eine Beschwerde einzulegen, wenn Sie der Ansicht sei sollten, dass die Verarbeitung der Ihre Person betreffenden personenbezogenen Daten gegen die DSGVO verst\u00f6\u00dft.<\/li><\/ul><h2 id=\"m134\">Einsatz von Cookies<\/h2><p>Cookies sind kleine Textdateien, bzw. sonstige Speichervermerke, die Informationen auf Endger\u00e4ten speichern und Informationen aus den Endger\u00e4ten auslesen. Z.B. um den Login-Status in einem Nutzerkonto, einen Warenkorbinhalt in einem E-Shop, die aufgerufenen Inhalte oder verwendete Funktionen eines Onlineangebotes speichern. Cookies k\u00f6nnen ferner zu unterschiedlichen Zwecken eingesetzt werden, z.B. zu Zwecken der Funktionsf\u00e4higkeit, Sicherheit und Komfort von Onlineangeboten sowie der Erstellung von Analysen der Besucherstr\u00f6me.<\/p><p><strong>Hinweise zur Einwilligung: <\/strong>Wir setzen Cookies im Einklang mit den gesetzlichen Vorschriften ein. Daher holen wir von den Nutzern eine vorhergehende Einwilligung ein, au\u00dfer wenn diese gesetzlich nicht gefordert ist. Eine Einwilligung ist insbesondere nicht notwendig, wenn das Speichern und das Auslesen der Informationen, also auch von Cookies, unbedingt erforderlich sind, um dem den Nutzern einen von ihnen ausdr\u00fccklich gew\u00fcnschten Telemediendienst (also unser Onlineangebot) zur Verf\u00fcgung zu stellen. Zu den unbedingt erforderlichen Cookies geh\u00f6ren in der Regel Cookies mit Funktionen, die der Anzeige und Lauff\u00e4higkeit des Onlineangebotes , dem Lastausgleich, der Sicherheit, der Speicherung der Pr\u00e4ferenzen und Auswahlm\u00f6glichkeiten der Nutzer oder \u00e4hnlichen mit der Bereitstellung der Haupt- und Nebenfunktionen des von den Nutzern angeforderten Onlineangebotes zusammenh\u00e4ngenden Zwecken dienen. Die widerrufliche Einwilligung wird gegen\u00fcber den Nutzern deutlich kommuniziert und enth\u00e4lt die Informationen zu der jeweiligen Cookie-Nutzung.<\/p><p><strong>Hinweise zu datenschutzrechtlichen Rechtsgrundlagen: <\/strong>Auf welcher datenschutzrechtlichen Rechtsgrundlage wir die personenbezogenen Daten der Nutzer mit Hilfe von Cookies verarbeiten, h\u00e4ngt davon ab, ob wir Nutzer um eine Einwilligung bitten. Falls die Nutzer einwilligen, ist die Rechtsgrundlage der Verarbeitung Ihrer Daten die erkl\u00e4rte Einwilligung. Andernfalls werden die mithilfe von Cookies verarbeiteten Daten auf Grundlage unserer berechtigten Interessen (z.B. an einem betriebswirtschaftlichen Betrieb unseres Onlineangebotes und Verbesserung seiner Nutzbarkeit) verarbeitet oder, wenn dies im Rahmen der Erf\u00fcllung unserer vertraglichen Pflichten erfolgt, wenn der Einsatz von Cookies erforderlich ist, um unsere vertraglichen Verpflichtungen zu erf\u00fcllen. Zu welchen Zwecken die Cookies von uns verarbeitet werden, dar\u00fcber kl\u00e4ren wir im Laufe dieser Datenschutzerkl\u00e4rung oder im Rahmen von unseren Einwilligungs- und Verarbeitungsprozessen auf.<\/p><p><strong>Speicherdauer:\u00a0<\/strong>Im Hinblick auf die Speicherdauer werden die folgenden Arten von Cookies unterschieden:<\/p><ul><li><strong>Tempor\u00e4re Cookies (auch: Session- oder Sitzungs-Cookies):<\/strong>\u00a0Tempor\u00e4re Cookies werden sp\u00e4testens gel\u00f6scht, nachdem ein Nutzer ein Online-Angebot verlassen und sein Endger\u00e4t (z.B. Browser oder mobile Applikation) geschlossen hat.<\/li><li><strong>Permanente Cookies:<\/strong> Permanente Cookies bleiben auch nach dem Schlie\u00dfen des Endger\u00e4tes gespeichert. So k\u00f6nnen beispielsweise der Login-Status gespeichert oder bevorzugte Inhalte direkt angezeigt werden, wenn der Nutzer eine Website erneut besucht. Ebenso k\u00f6nnen die mit Hilfe von Cookies erhobenen Daten der Nutzer zur Reichweitenmessung verwendet werden. Sofern wir Nutzern\u00a0keine expliziten Angaben zur Art und Speicherdauer von Cookies mitteilen (z. B. im Rahmen der Einholung der Einwilligung), sollten Nutzer davon ausgehen, dass Cookies permanent sind und die Speicherdauer bis zu zwei Jahre betragen kann.<\/li><\/ul><p><strong>Allgemeine Hinweise zum Widerruf und Widerspruch (sog. &#8222;Opt-Out&#8220;): <\/strong>Nutzer k\u00f6nnen die von ihnen abgegebenen Einwilligungen jederzeit widerrufen und der Verarbeitung entsprechend den gesetzlichen Vorgaben widersprechen. Hierzu k\u00f6nnen Nutzer unter anderem die Verwendung von Cookies in den Einstellungen ihres Browsers einschr\u00e4nken (wobei dadurch auch die Funktionalit\u00e4t unseres Onlineangebotes eingeschr\u00e4nkt sein kann). Ein Widerspruch gegen die Verwendung von Cookies zu Online-Marketing-Zwecken kann auch \u00fcber die Websites <a href=\"https:\/\/optout.aboutads.info\/\" target=\"_new\">https:\/\/optout.aboutads.info<\/a> und <a href=\"https:\/\/www.youronlinechoices.com\/\" target=\"_new\">https:\/\/www.youronlinechoices.com\/<\/a> erkl\u00e4rt werden.<\/p><ul class=\"m-elements\"><li class=\"\"><strong>Rechtsgrundlagen:<\/strong> Berechtigte Interessen (Art. 6 Abs. 1 S. 1 lit. f) DSGVO). Einwilligung (Art. 6 Abs. 1 S. 1 lit. a) DSGVO).<\/li><\/ul><p><strong>Weitere Hinweise zu Verarbeitungsprozessen, Verfahren und Diensten:<\/strong><\/p><ul class=\"m-elements\"><li><strong>Verarbeitung von Cookie-Daten auf Grundlage einer Einwilligung: <\/strong>Wir setzen ein Verfahren zum Cookie-Einwilligungs-Management ein, in dessen Rahmen die Einwilligungen der Nutzer in den Einsatz von Cookies, bzw. der im Rahmen des Cookie-Einwilligungs-Management-Verfahrens genannten Verarbeitungen und Anbieter eingeholt sowie von den Nutzern verwaltet und widerrufen werden k\u00f6nnen. Hierbei wird die Einwilligungserkl\u00e4rung gespeichert, um deren Abfrage nicht erneut wiederholen zu m\u00fcssen und die Einwilligung entsprechend der gesetzlichen Verpflichtung nachweisen zu k\u00f6nnen. Die Speicherung kann serverseitig und\/oder in einem Cookie (sogenanntes Opt-In-Cookie, bzw. mithilfe vergleichbarer Technologien) erfolgen, um die Einwilligung einem Nutzer, bzw. dessen Ger\u00e4t zuordnen zu k\u00f6nnen. Vorbehaltlich individueller Angaben zu den Anbietern von Cookie-Management-Diensten, gelten die folgenden Hinweise: Die Dauer der Speicherung der Einwilligung kann bis zu zwei Jahren betragen. Hierbei wird ein pseudonymer Nutzer-Identifikator gebildet und mit dem Zeitpunkt der Einwilligung, Angaben zur Reichweite der Einwilligung (z. B. welche Kategorien von Cookies und\/oder Diensteanbieter) sowie dem Browser, System und verwendeten Endger\u00e4t gespeichert; <span class=\"\"><strong>Rechtsgrundlagen:<\/strong> Einwilligung (Art. 6 Abs. 1 S. 1 lit. a) DSGVO).<\/span><\/li><\/ul><h2 id=\"m317\">Gesch\u00e4ftliche Leistungen<\/h2><p>Wir verarbeiten Daten unserer Vertrags- und Gesch\u00e4ftspartner, z.B. Kunden und Interessenten (zusammenfassend bezeichnet als &#8222;Vertragspartner&#8220;) im Rahmen von vertraglichen und vergleichbaren Rechtsverh\u00e4ltnissen sowie damit verbundenen Ma\u00dfnahmen und im Rahmen der Kommunikation mit den Vertragspartnern (oder vorvertraglich), z.B., um Anfragen zu beantworten.<\/p><p>Wir verarbeiten diese Daten, um unsere vertraglichen Verpflichtungen zu erf\u00fcllen. Dazu geh\u00f6ren insbesondere die Verpflichtungen zur Erbringung der vereinbarten Leistungen, etwaige Aktualisierungspflichten und Abhilfe bei Gew\u00e4hrleistungs- und sonstigen Leistungsst\u00f6rungen. Dar\u00fcber hinaus verarbeiten wir die Daten zur Wahrung unserer Rechte und zum Zwecke der mit diesen Pflichten verbundenen Verwaltungsaufgaben sowie der Unternehmensorganisation. Dar\u00fcber hinaus verarbeiten wir die Daten auf Grundlage unserer berechtigten Interessen an einer ordnungsgem\u00e4\u00dfen und betriebswirtschaftlichen Gesch\u00e4ftsf\u00fchrung sowie an Sicherheitsma\u00dfnahmen zum Schutz unserer Vertragspartner und unseres Gesch\u00e4ftsbetriebes vor Missbrauch, Gef\u00e4hrdung ihrer Daten, Geheimnisse, Informationen und Rechte (z.B. zur Beteiligung von Telekommunikations-, Transport- und sonstigen Hilfsdiensten sowie Subunternehmern, Banken, Steuer- und Rechtsberatern, Zahlungsdienstleistern oder Finanzbeh\u00f6rden). Im Rahmen des geltenden Rechts geben wir die Daten von Vertragspartnern nur insoweit an Dritte weiter, als dies f\u00fcr die vorgenannten Zwecke oder zur Erf\u00fcllung gesetzlicher Pflichten erforderlich ist. \u00dcber weitere Formen der Verarbeitung, z.B. zu Marketingzwecken, werden die Vertragspartner im Rahmen dieser Datenschutzerkl\u00e4rung informiert.<\/p><p>Welche Daten f\u00fcr die vorgenannten Zwecke erforderlich sind, teilen wir den Vertragspartnern vor oder im Rahmen der Datenerhebung, z.B. in Onlineformularen, durch besondere Kennzeichnung (z.B. Farben) bzw. Symbole (z.B. Sternchen o.\u00e4.), oder pers\u00f6nlich mit.<\/p><p>Wir l\u00f6schen die Daten nach Ablauf gesetzlicher Gew\u00e4hrleistungs- und vergleichbarer Pflichten, d.h., grunds\u00e4tzlich nach Ablauf von 4 Jahren, es sei denn, dass die Daten in einem Kundenkonto gespeichert werden, z.B., solange sie aus gesetzlichen Gr\u00fcnden der Archivierung aufbewahrt werden m\u00fcssen. Die gesetzliche Aufbewahrungsfrist betr\u00e4gt bei steuerrechtlich relevanten Unterlagen sowie bei Handelsb\u00fcchern, Inventaren, Er\u00f6ffnungsbilanzen, Jahresabschl\u00fcssen, die zum Verst\u00e4ndnis dieser Unterlagen erforderlichen Arbeitsanweisungen und sonstigen Organisationsunterlagen und Buchungsbelegen zehn Jahre sowie bei empfangenen Handels- und Gesch\u00e4ftsbriefen und Wiedergaben der abgesandten Handels- und Gesch\u00e4ftsbriefe sechs Jahre. Die Frist beginnt mit Ablauf des Kalenderjahres, in dem die letzte Eintragung in das Buch gemacht, das Inventar, die Er\u00f6ffnungsbilanz, der Jahresabschluss oder der Lagebericht aufgestellt, der Handels- oder Gesch\u00e4ftsbrief empfangen oder abgesandt worden oder der Buchungsbeleg entstanden ist, ferner die Aufzeichnung vorgenommen worden ist oder die sonstigen Unterlagen entstanden sind.<\/p><p>Soweit wir zur Erbringung unserer Leistungen Drittanbieter oder Plattformen einsetzen, gelten im Verh\u00e4ltnis zwischen den Nutzern und den Anbietern die Gesch\u00e4ftsbedingungen und Datenschutzhinweise der jeweiligen Drittanbieter oder Plattformen.<\/p><ul class=\"m-elements\"><li><strong>Verarbeitete Datenarten:<\/strong> Bestandsdaten (z.B. Namen, Adressen); Zahlungsdaten (z.B. Bankverbindungen, Rechnungen, Zahlungshistorie); Kontaktdaten (z.B. E-Mail, Telefonnummern). Vertragsdaten (z.B. Vertragsgegenstand, Laufzeit, Kundenkategorie).<\/li><li><strong>Betroffene Personen:<\/strong> Interessenten. Gesch\u00e4fts- und Vertragspartner.<\/li><li><strong>Zwecke der Verarbeitung:<\/strong> Erbringung vertraglicher Leistungen und erf\u00fcllung vertraglicher Pflichten; Kontaktanfragen und Kommunikation; B\u00fcro- und Organisationsverfahren. Verwaltung und Beantwortung von Anfragen.<\/li><li class=\"\"><strong>Rechtsgrundlagen:<\/strong> Vertragserf\u00fcllung und vorvertragliche Anfragen (Art. 6 Abs. 1 S. 1 lit. b) DSGVO); Rechtliche Verpflichtung (Art. 6 Abs. 1 S. 1 lit. c) DSGVO). Berechtigte Interessen (Art. 6 Abs. 1 S. 1 lit. f) DSGVO).<\/li><\/ul><p><strong>Weitere Hinweise zu Verarbeitungsprozessen, Verfahren und Diensten:<\/strong><\/p><ul class=\"m-elements\"><li><strong>Handwerkliche Leistungen: <\/strong>Wir verarbeiten die Daten unserer Kunden sowie Auftraggeber (nachfolgend einheitlich als &#8222;Kunden&#8220; bezeichnet), um ihnen die Auswahl, den Erwerb bzw. die Beauftragung der gew\u00e4hlten Leistungen oder Werke sowie verbundener T\u00e4tigkeiten als auch deren Bezahlung und Zustellung bzw. Ausf\u00fchrung oder Erbringung zu erm\u00f6glichen.<br \/>Die erforderlichen Angaben sind als solche im Rahmen des Auftrags-, Bestell- bzw. vergleichbaren Vertragsschlusses gekennzeichnet und umfassen die zur Auslieferung und Abrechnung ben\u00f6tigten Angaben sowie Kontaktinformationen, um etwaige R\u00fccksprachen halten zu k\u00f6nnen; <span class=\"\"><strong>Rechtsgrundlagen:<\/strong> Vertragserf\u00fcllung und vorvertragliche Anfragen (Art. 6 Abs. 1 S. 1 lit. b) DSGVO).<\/span><\/li><\/ul><h2 id=\"m605\">Einsatz von Online-Plattformen zu Angebots- und Vertriebszwecken<\/h2><p>Wir bieten unsere Leistungen auf Online-Plattformen, die von anderen Dienstanbietern betrieben werden, an. In diesem Zusammenhang gelten zus\u00e4tzlich zu unseren Datenschutzhinweisen die Datenschutzhinweise der jeweiligen Plattformen. Dies gilt insbesondere im Hinblick auf die Durchf\u00fchrung des Zahlungsvorgangs und der auf den Plattformen eingesetzten Verfahren zur Reichweitemessung und zum interessensbezogenen Marketing.<\/p><ul class=\"m-elements\"><li><strong>Verarbeitete Datenarten:<\/strong> Bestandsdaten (z.B. Namen, Adressen); Zahlungsdaten (z.B. Bankverbindungen, Rechnungen, Zahlungshistorie); Kontaktdaten (z.B. E-Mail, Telefonnummern); Vertragsdaten (z.B. Vertragsgegenstand, Laufzeit, Kundenkategorie); Nutzungsdaten (z.B. besuchte Webseiten, Interesse an Inhalten, Zugriffszeiten). Meta-, Kommunikations- und Verfahrensdaten (z. B. IP-Adressen, Zeitangaben, Identifikationsnummern, Einwilligungsstatus).<\/li><li><strong>Betroffene Personen:<\/strong> Kunden.<\/li><li><strong>Zwecke der Verarbeitung:<\/strong> Erbringung vertraglicher Leistungen und erf\u00fcllung vertraglicher Pflichten. Marketing.<\/li><li class=\"\"><strong>Rechtsgrundlagen:<\/strong> Vertragserf\u00fcllung und vorvertragliche Anfragen (Art. 6 Abs. 1 S. 1 lit. b) DSGVO).<\/li><\/ul><h2 id=\"m225\">Bereitstellung des Onlineangebotes und Webhosting<\/h2><p>Wir verarbeiten die Daten der Nutzer, um ihnen unsere Online-Dienste zur Verf\u00fcgung stellen zu k\u00f6nnen. Zu diesem Zweck verarbeiten wir die IP-Adresse des Nutzers, die notwendig ist, um die Inhalte und Funktionen unserer Online-Dienste an den Browser oder das Endger\u00e4t der Nutzer zu \u00fcbermitteln.<\/p><ul class=\"m-elements\"><li><strong>Verarbeitete Datenarten:<\/strong> Nutzungsdaten (z.B. besuchte Webseiten, Interesse an Inhalten, Zugriffszeiten). Meta-, Kommunikations- und Verfahrensdaten (z. B. IP-Adressen, Zeitangaben, Identifikationsnummern, Einwilligungsstatus).<\/li><li><strong>Betroffene Personen:<\/strong> Nutzer (z.B. Webseitenbesucher, Nutzer von Onlinediensten).<\/li><li><strong>Zwecke der Verarbeitung:<\/strong> Bereitstellung unseres Onlineangebotes und Nutzerfreundlichkeit; Informationstechnische Infrastruktur (Betrieb und Bereitstellung von Informationssystemen und technischen Ger\u00e4ten (Computer, Server etc.).). Sicherheitsma\u00dfnahmen.<\/li><li class=\"\"><strong>Rechtsgrundlagen:<\/strong> Berechtigte Interessen (Art. 6 Abs. 1 S. 1 lit. f) DSGVO).<\/li><\/ul><p><strong>Weitere Hinweise zu Verarbeitungsprozessen, Verfahren und Diensten:<\/strong><\/p><ul class=\"m-elements\"><li><strong>Bereitstellung Onlineangebot auf gemietetem Speicherplatz: <\/strong>F\u00fcr die Bereitstellung unseres Onlineangebotes nutzen wir Speicherplatz, Rechenkapazit\u00e4t und Software, die wir von einem entsprechenden Serveranbieter (auch &#8222;Webhoster&#8220; genannt) mieten oder anderweitig beziehen; <span class=\"\"><strong>Rechtsgrundlagen:<\/strong> Berechtigte Interessen (Art. 6 Abs. 1 S. 1 lit. f) DSGVO).<\/span><\/li><li><strong>Erhebung von Zugriffsdaten und Logfiles: <\/strong>Der Zugriff auf unser Onlineangebot wird in Form von so genannten &#8222;Server-Logfiles&#8220; protokolliert. Zu den Serverlogfiles k\u00f6nnen die Adresse und Name der abgerufenen Webseiten und Dateien, Datum und Uhrzeit des Abrufs, \u00fcbertragene Datenmengen, Meldung \u00fcber erfolgreichen Abruf, Browsertyp nebst Version, das Betriebssystem des Nutzers, Referrer URL (die zuvor besuchte Seite) und im Regelfall IP-Adressen und der anfragende Provider geh\u00f6ren.<p>Die Serverlogfiles k\u00f6nnen zum einen zu Zwecken der Sicherheit eingesetzt werden, z.B., um eine \u00dcberlastung der Server zu vermeiden (insbesondere im Fall von missbr\u00e4uchlichen Angriffen, sogenannten DDoS-Attacken) und zum anderen, um die Auslastung der Server und ihre Stabilit\u00e4t sicherzustellen; <span class=\"\"><strong>Rechtsgrundlagen:<\/strong> Berechtigte Interessen (Art. 6 Abs. 1 S. 1 lit. f) DSGVO). <\/span><strong>L\u00f6schung von Daten:<\/strong> Logfile-Informationen werden f\u00fcr die Dauer von maximal 30 Tagen gespeichert und danach gel\u00f6scht oder anonymisiert. Daten, deren weitere Aufbewahrung zu Beweiszwecken erforderlich ist, sind bis zur endg\u00fcltigen Kl\u00e4rung des jeweiligen Vorfalls von der L\u00f6schung ausgenommen.<\/p><\/li><\/ul><h2 id=\"m182\">Kontakt- und Anfragenverwaltung<\/h2><p>Bei der Kontaktaufnahme mit uns (z.B. per Post, Kontaktformular, E-Mail, Telefon oder via soziale Medien) sowie im Rahmen bestehender Nutzer- und Gesch\u00e4ftsbeziehungen werden die Angaben der anfragenden Personen verarbeitet soweit dies zur Beantwortung der Kontaktanfragen und etwaiger angefragter Ma\u00dfnahmen erforderlich ist.<\/p><ul class=\"m-elements\"><li><strong>Verarbeitete Datenarten:<\/strong> Kontaktdaten (z.B. E-Mail, Telefonnummern); Inhaltsdaten (z.B. Eingaben in Onlineformularen); Nutzungsdaten (z.B. besuchte Webseiten, Interesse an Inhalten, Zugriffszeiten); Meta-, Kommunikations- und Verfahrensdaten (z. B. IP-Adressen, Zeitangaben, Identifikationsnummern, Einwilligungsstatus). Bestandsdaten (z.B. Namen, Adressen).<\/li><li><strong>Betroffene Personen:<\/strong> Kommunikationspartner; Kunden. Nutzer (z.B. Webseitenbesucher, Nutzer von Onlinediensten).<\/li><li><strong>Zwecke der Verarbeitung:<\/strong> Kontaktanfragen und Kommunikation; Verwaltung und Beantwortung von Anfragen; Feedback (z.B. Sammeln von Feedback via Online-Formular). Bereitstellung unseres Onlineangebotes und Nutzerfreundlichkeit.<\/li><li class=\"\"><strong>Rechtsgrundlagen:<\/strong> Berechtigte Interessen (Art. 6 Abs. 1 S. 1 lit. f) DSGVO). Vertragserf\u00fcllung und vorvertragliche Anfragen (Art. 6 Abs. 1 S. 1 lit. b) DSGVO).<\/li><\/ul><p><strong>Weitere Hinweise zu Verarbeitungsprozessen, Verfahren und Diensten:<\/strong><\/p><ul class=\"m-elements\"><li><strong>Kontaktformular: <\/strong>Wenn Nutzer \u00fcber unser Kontaktformular, E-Mail oder andere Kommunikationswege mit uns in Kontakt treten, verarbeiten wir die uns in diesem Zusammenhang mitgeteilten Daten zur Bearbeitung des mitgeteilten Anliegens; <span class=\"\"><strong>Rechtsgrundlagen:<\/strong> Vertragserf\u00fcllung und vorvertragliche Anfragen (Art. 6 Abs. 1 S. 1 lit. b) DSGVO), Berechtigte Interessen (Art. 6 Abs. 1 S. 1 lit. f) DSGVO).<\/span><\/li><li><strong>Elementor Formulare: <\/strong>Online-Formulare (Erfassung, Speicherung und Verarbeitung von Eingaben); <strong>Dienstanbieter:<\/strong> Elementor Ltd., Tuval St 40, Ramat Gan, Israel; <span class=\"\"><strong>Rechtsgrundlagen:<\/strong> Vertragserf\u00fcllung und vorvertragliche Anfragen (Art. 6 Abs. 1 S. 1 lit. b) DSGVO), Berechtigte Interessen (Art. 6 Abs. 1 S. 1 lit. f) DSGVO); <\/span><strong>Website:<\/strong> <a href=\"https:\/\/elementor.com\/features\/form-builder\/\" target=\"_blank\" rel=\"noopener\">https:\/\/elementor.com\/features\/form-builder\/<\/a>; <strong>Datenschutzerkl\u00e4rung:<\/strong> <a href=\"https:\/\/elementor.com\/about\/privacy\/\" target=\"_blank\" rel=\"noopener\">https:\/\/elementor.com\/about\/privacy\/<\/a>; <strong>Auftragsverarbeitungsvertrag:<\/strong> <a href=\"https:\/\/elementor.com\/terms\/cloud-toc\/elementor-data-processing-agreement\/\" target=\"_blank\" rel=\"noopener\">https:\/\/elementor.com\/terms\/cloud-toc\/elementor-data-processing-agreement\/<\/a>; <strong>Grundlage Drittland\u00fcbermittlung:<\/strong> Standardvertragsklauseln (<a href=\"https:\/\/elementor.com\/terms\/cloud-toc\/elementor-data-processing-agreement\/\" target=\"_blank\" rel=\"noopener\">https:\/\/elementor.com\/terms\/cloud-toc\/elementor-data-processing-agreement\/<\/a>). <strong>Weitere Informationen:<\/strong> <a href=\"https:\/\/elementor.com\/trust\/\" target=\"_blank\" rel=\"noopener\">https:\/\/elementor.com\/trust\/<\/a>.<\/li><\/ul><h2 id=\"m328\">Plugins und eingebettete Funktionen sowie Inhalte<\/h2><p>Wir binden in unser Onlineangebot Funktions- und Inhaltselemente ein, die von den Servern ihrer jeweiligen Anbieter (nachfolgend bezeichnet als &#8222;Drittanbieter\u201d) bezogen werden. Dabei kann es sich zum Beispiel um Grafiken, Videos oder Stadtpl\u00e4ne handeln (nachfolgend einheitlich bezeichnet als &#8222;Inhalte\u201d).<\/p><p>Die Einbindung setzt immer voraus, dass die Drittanbieter dieser Inhalte die IP-Adresse der Nutzer verarbeiten, da sie ohne die IP-Adresse die Inhalte nicht an deren Browser senden k\u00f6nnten. Die IP-Adresse ist damit f\u00fcr die Darstellung dieser Inhalte oder Funktionen erforderlich. Wir bem\u00fchen uns, nur solche Inhalte zu verwenden, deren jeweilige Anbieter die IP-Adresse lediglich zur Auslieferung der Inhalte verwenden. Drittanbieter k\u00f6nnen ferner sogenannte Pixel-Tags (unsichtbare Grafiken, auch als &#8222;Web Beacons&#8220; bezeichnet) f\u00fcr statistische oder Marketingzwecke verwenden. Durch die &#8222;Pixel-Tags&#8220; k\u00f6nnen Informationen, wie der Besucherverkehr auf den Seiten dieser Webseite, ausgewertet werden. Die pseudonymen Informationen k\u00f6nnen ferner in Cookies auf dem Ger\u00e4t der Nutzer gespeichert werden und unter anderem technische Informationen zum Browser und zum Betriebssystem, zu verweisenden Webseiten, zur Besuchszeit sowie weitere Angaben zur Nutzung unseres Onlineangebotes enthalten als auch mit solchen Informationen aus anderen Quellen verbunden werden.<\/p><ul class=\"m-elements\"><li><strong>Verarbeitete Datenarten:<\/strong> Nutzungsdaten (z.B. besuchte Webseiten, Interesse an Inhalten, Zugriffszeiten). Meta-, Kommunikations- und Verfahrensdaten (z. B. IP-Adressen, Zeitangaben, Identifikationsnummern, Einwilligungsstatus).<\/li><li><strong>Betroffene Personen:<\/strong> Nutzer (z.B. Webseitenbesucher, Nutzer von Onlinediensten).<\/li><li><strong>Zwecke der Verarbeitung:<\/strong> Bereitstellung unseres Onlineangebotes und Nutzerfreundlichkeit.<\/li><li class=\"\"><strong>Rechtsgrundlagen:<\/strong> Berechtigte Interessen (Art. 6 Abs. 1 S. 1 lit. f) DSGVO).<\/li><\/ul><p><strong>Weitere Hinweise zu Verarbeitungsprozessen, Verfahren und Diensten:<\/strong><\/p><ul class=\"m-elements\"><li><strong>Google Fonts (Bereitstellung auf eigenem Server): <\/strong>Bereitstellung von Schriftarten-Dateien zwecks einer nutzerfreundlichen Darstellung unseres Onlineangebotes; <strong>Dienstanbieter:<\/strong> Die Google Fonts werden auf unserem Server gehostet, es werden keine Daten an Google \u00fcbermittelt; <span class=\"\"><strong>Rechtsgrundlagen:<\/strong> Berechtigte Interessen (Art. 6 Abs. 1 S. 1 lit. f) DSGVO).<\/span><\/li><li><strong>Google Fonts (Bezug vom Google Server): <\/strong>Bezug von Schriften (und Symbolen) zum Zwecke einer technisch sicheren, wartungsfreien und effizienten Nutzung von Schriften und Symbolen im Hinblick auf Aktualit\u00e4t und Ladezeiten, deren einheitliche Darstellung und Ber\u00fccksichtigung m\u00f6glicher lizenzrechtlicher Beschr\u00e4nkungen. Dem Anbieter der Schriftarten wird die IP-Adresse des Nutzers mitgeteilt, damit die Schriftarten im Browser des Nutzers zur Verf\u00fcgung gestellt werden k\u00f6nnen. Dar\u00fcber hinaus werden technische Daten (Spracheinstellungen, Bildschirmaufl\u00f6sung, Betriebssystem, verwendete Hardware) \u00fcbermittelt, die f\u00fcr die Bereitstellung der Schriften in Abh\u00e4ngigkeit von den verwendeten Ger\u00e4ten und der technischen Umgebung notwendig sind. Diese Daten k\u00f6nnen auf einem Server des Anbieters der Schriftarten in den USA verarbeitet werden &#8211; Beim Besuch unseres Onlineangebotes senden die Browser der Nutzer ihre Browser HTTP-Anfragen an die Google Fonts Web API (d.h. eine Softwareschnittstelle f\u00fcr den Abruf der Schriftarten). Die Google Fonts Web API stellt den Nutzern die Cascading Style Sheets (CSS) von Google Fonts und danach die in der CCS angegebenen Schriftarten zur Verf\u00fcgung. Zu diesen HTTP-Anfragen geh\u00f6ren (1) die vom jeweiligen Nutzer f\u00fcr den Zugriff auf das Internet verwendete IP-Adresse, (2) die angeforderte URL auf dem Google-Server und (3) die HTTP-Header, einschlie\u00dflich des User-Agents, der die Browser- und Betriebssystemversionen der Websitebesucher beschreibt, sowie die Verweis-URL (d.h. die Webseite, auf der die Google-Schriftart angezeigt werden soll). IP-Adressen werden weder auf Google-Servern protokolliert noch gespeichert und sie werden nicht analysiert. Die Google Fonts Web API protokolliert Details der HTTP-Anfragen (angeforderte URL, User-Agent und Verweis-URL). Der Zugriff auf diese Daten ist eingeschr\u00e4nkt und streng kontrolliert. Die angeforderte URL identifiziert die Schriftfamilien, f\u00fcr die der Nutzer Schriftarten laden m\u00f6chte. Diese Daten werden protokolliert, damit Google bestimmen kann, wie oft eine bestimmte Schriftfamilie angefordert wird. Bei der Google Fonts Web API muss der User-Agent die Schriftart anpassen, die f\u00fcr den jeweiligen Browsertyp generiert wird. Der User-Agent wird in erster Linie zum Debugging protokolliert und verwendet, um aggregierte Nutzungsstatistiken zu generieren, mit denen die Beliebtheit von Schriftfamilien gemessen wird. Diese zusammengefassten Nutzungsstatistiken werden auf der Seite \u201eAnalysen\u201c von Google Fonts ver\u00f6ffentlicht. Schlie\u00dflich wird die Verweis-URL protokolliert, sodass die Daten f\u00fcr die Wartung der Produktion verwendet und ein aggregierter Bericht zu den Top-Integrationen basierend auf der Anzahl der Schriftartenanfragen generiert werden kann. Google verwendet laut eigener Auskunft keine der von Google Fonts erfassten Informationen, um Profile von Endnutzern zu erstellen oder zielgerichtete Anzeigen zu schalten; <strong>Dienstanbieter:<\/strong> Google Ireland Limited, Gordon House, Barrow Street, Dublin 4, Irland; <span class=\"\"><strong>Rechtsgrundlagen:<\/strong> Berechtigte Interessen (Art. 6 Abs. 1 S. 1 lit. f) DSGVO); <\/span><strong>Website:<\/strong> <a href=\"https:\/\/fonts.google.com\/\" target=\"_blank\" rel=\"noopener\">https:\/\/fonts.google.com\/<\/a>; <strong>Datenschutzerkl\u00e4rung:<\/strong> <a href=\"https:\/\/policies.google.com\/privacy\" target=\"_blank\" rel=\"noopener\">https:\/\/policies.google.com\/privacy<\/a>; <strong>Grundlage Drittland\u00fcbermittlung:<\/strong> <span class=\"\"> EU-US Data Privacy Framework (DPF)<\/span>. <strong>Weitere Informationen:<\/strong> <a href=\"https:\/\/developers.google.com\/fonts\/faq\/privacy?hl=de\" target=\"_blank\" rel=\"noopener\">https:\/\/developers.google.com\/fonts\/faq\/privacy?hl=de<\/a>.<\/li><\/ul><h2 id=\"m15\">\u00c4nderung und Aktualisierung der Datenschutzerkl\u00e4rung<\/h2><p>Wir bitten Sie, sich regelm\u00e4\u00dfig \u00fcber den Inhalt unserer Datenschutzerkl\u00e4rung zu informieren. Wir passen die Datenschutzerkl\u00e4rung an, sobald die \u00c4nderungen der von uns durchgef\u00fchrten Datenverarbeitungen dies erforderlich machen. Wir informieren Sie, sobald durch die \u00c4nderungen eine Mitwirkungshandlung Ihrerseits (z.B. Einwilligung) oder eine sonstige individuelle Benachrichtigung erforderlich wird.<\/p><p>Sofern wir in dieser Datenschutzerkl\u00e4rung Adressen und Kontaktinformationen von Unternehmen und Organisationen angeben, bitten wir zu beachten, dass die Adressen sich \u00fcber die Zeit \u00e4ndern k\u00f6nnen und bitten die Angaben vor Kontaktaufnahme zu pr\u00fcfen.<\/p><h2 id=\"m42\">Begriffsdefinitionen<\/h2><p>In diesem Abschnitt erhalten Sie eine \u00dcbersicht \u00fcber die in dieser Datenschutzerkl\u00e4rung verwendeten Begrifflichkeiten. Soweit die Begrifflichkeiten gesetzlich definiert sind, gelten deren gesetzliche Definitionen. Die nachfolgenden Erl\u00e4uterungen sollen dagegen vor allem dem Verst\u00e4ndnis dienen.<\/p><ul class=\"glossary\"><li><strong>Personenbezogene Daten:<\/strong> &#8222;Personenbezogene Daten\u201c sind alle Informationen, die sich auf eine identifizierte oder identifizierbare nat\u00fcrliche Person (im Folgenden &#8222;betroffene Person\u201c) beziehen; als identifizierbar wird eine nat\u00fcrliche Person angesehen, die direkt oder indirekt, insbesondere mittels Zuordnung zu einer Kennung wie einem Namen, zu einer Kennnummer, zu Standortdaten, zu einer Online-Kennung (z.B. Cookie) oder zu einem oder mehreren besonderen Merkmalen identifiziert werden kann, die Ausdruck der physischen, physiologischen, genetischen, psychischen, wirtschaftlichen, kulturellen oder sozialen Identit\u00e4t dieser nat\u00fcrlichen Person sind.<\/li><li><strong>Verantwortlicher:<\/strong> Als &#8222;Verantwortlicher\u201c wird die nat\u00fcrliche oder juristische Person, Beh\u00f6rde, Einrichtung oder andere Stelle, die allein oder gemeinsam mit anderen \u00fcber die Zwecke und Mittel der Verarbeitung von personenbezogenen Daten entscheidet, bezeichnet.<\/li><li><strong>Verarbeitung:<\/strong> &#8222;Verarbeitung&#8220; ist jeder mit oder ohne Hilfe automatisierter Verfahren ausgef\u00fchrte Vorgang oder jede solche Vorgangsreihe im Zusammenhang mit personenbezogenen Daten. Der Begriff reicht weit und umfasst praktisch jeden Umgang mit Daten, sei es das Erheben, das Auswerten, das Speichern, das \u00dcbermitteln oder das L\u00f6schen.<\/li><\/ul>                    <\/div>\n\t\t                    <\/div>\n        <\/div>\n\t\t\t\t<\/div>\n\t\t\t\t<\/div>\n\t\t\t\t\t<\/div>\n\t\t<\/div>\n\t\t\t\t\t<\/div>\n\t\t<\/section>\n\t\t\t\t<\/div>\n\t\t","protected":false},"excerpt":{"rendered":"<p>Men\u00fc Team \u00dcber uns Salon Leistungen Kontakt impressum Datenschutz Termin Buchen Friseur Rombach Ihr Friseur am Bahnhof Kirchzarten TEam Ingrid RombachFriseurmeisterin Oksana PovorozniukFriseurin Elisabeth RiestererFriseurin Carolin SchwabFriseurmeisterin Lilly KranendonkAuszubildende Entdecken Sie unser talentiertes Friseurteam! Bei Friseur Rombach finden Sie Meister ihres Fachs, die mit Leidenschaft und Expertise Ihre Haare in Kunstwerke verwandeln. Unser handverlesenes Team [&hellip;]<\/p>\n","protected":false},"author":1,"featured_media":0,"parent":0,"menu_order":0,"comment_status":"closed","ping_status":"closed","template":"","meta":{"footnotes":""},"class_list":["post-334","page","type-page","status-publish","hentry"],"yoast_head":"<!-- This site is optimized with the Yoast SEO plugin v27.5 - https:\/\/yoast.com\/product\/yoast-seo-wordpress\/ -->\n<title>Friseur Rombach Kirchzarten<\/title>\n<meta name=\"description\" content=\"Friseur Rombach - Ihr Friseur am Bahnhof Kirchzarten! Buchen Sie jetzt den Termin f\u00fcr Haarschnitt, Haarfarbe und mehr. Entdecken Sie unsere Services!\" \/>\n<meta name=\"robots\" content=\"index, follow, max-snippet:-1, max-image-preview:large, max-video-preview:-1\" \/>\n<link rel=\"canonical\" href=\"https:\/\/www.friseur-rombach.de\/\" \/>\n<meta property=\"og:locale\" content=\"de_DE\" \/>\n<meta property=\"og:type\" content=\"article\" \/>\n<meta property=\"og:title\" content=\"Friseur Rombach Kirchzarten\" \/>\n<meta property=\"og:description\" content=\"Friseur Rombach - Ihr Friseur am Bahnhof Kirchzarten! Buchen Sie jetzt den Termin f\u00fcr Haarschnitt, Haarfarbe und mehr. Entdecken Sie unsere Services!\" \/>\n<meta property=\"og:url\" content=\"https:\/\/www.friseur-rombach.de\/\" \/>\n<meta property=\"og:site_name\" content=\"Friseur Rombach\" \/>\n<meta property=\"article:modified_time\" content=\"2025-04-11T18:26:18+00:00\" \/>\n<meta property=\"og:image\" content=\"https:\/\/www.friseur-rombach.de\/wp-content\/uploads\/2023\/06\/Friseur-Rombach-Logo-brown-01.png\" \/>\n<meta name=\"twitter:card\" content=\"summary_large_image\" \/>\n<meta name=\"twitter:label1\" content=\"Gesch\u00e4tzte Lesezeit\" \/>\n\t<meta name=\"twitter:data1\" content=\"39\u00a0Minuten\" \/>\n<script type=\"application\/ld+json\" class=\"yoast-schema-graph\">{\"@context\":\"https:\\\/\\\/schema.org\",\"@graph\":[{\"@type\":\"WebPage\",\"@id\":\"https:\\\/\\\/www.friseur-rombach.de\\\/\",\"url\":\"https:\\\/\\\/www.friseur-rombach.de\\\/\",\"name\":\"Friseur Rombach Kirchzarten\",\"isPartOf\":{\"@id\":\"https:\\\/\\\/www.friseur-rombach.de\\\/#website\"},\"primaryImageOfPage\":{\"@id\":\"https:\\\/\\\/www.friseur-rombach.de\\\/#primaryimage\"},\"image\":{\"@id\":\"https:\\\/\\\/www.friseur-rombach.de\\\/#primaryimage\"},\"thumbnailUrl\":\"https:\\\/\\\/www.friseur-rombach.de\\\/wp-content\\\/uploads\\\/2023\\\/06\\\/Friseur-Rombach-Logo-brown-01.png\",\"datePublished\":\"2023-05-22T18:32:23+00:00\",\"dateModified\":\"2025-04-11T18:26:18+00:00\",\"description\":\"Friseur Rombach - Ihr Friseur am Bahnhof Kirchzarten! Buchen Sie jetzt den Termin f\u00fcr Haarschnitt, Haarfarbe und mehr. Entdecken Sie unsere Services!\",\"breadcrumb\":{\"@id\":\"https:\\\/\\\/www.friseur-rombach.de\\\/#breadcrumb\"},\"inLanguage\":\"de\",\"potentialAction\":[{\"@type\":\"ReadAction\",\"target\":[\"https:\\\/\\\/www.friseur-rombach.de\\\/\"]}]},{\"@type\":\"ImageObject\",\"inLanguage\":\"de\",\"@id\":\"https:\\\/\\\/www.friseur-rombach.de\\\/#primaryimage\",\"url\":\"https:\\\/\\\/www.friseur-rombach.de\\\/wp-content\\\/uploads\\\/2023\\\/06\\\/Friseur-Rombach-Logo-brown-01.png\",\"contentUrl\":\"https:\\\/\\\/www.friseur-rombach.de\\\/wp-content\\\/uploads\\\/2023\\\/06\\\/Friseur-Rombach-Logo-brown-01.png\",\"width\":2852,\"height\":465},{\"@type\":\"BreadcrumbList\",\"@id\":\"https:\\\/\\\/www.friseur-rombach.de\\\/#breadcrumb\",\"itemListElement\":[{\"@type\":\"ListItem\",\"position\":1,\"name\":\"Startseite\",\"item\":\"https:\\\/\\\/www.friseur-rombach.de\\\/\"},{\"@type\":\"ListItem\",\"position\":2,\"name\":\"Friseur Rombach\"}]},{\"@type\":\"WebSite\",\"@id\":\"https:\\\/\\\/www.friseur-rombach.de\\\/#website\",\"url\":\"https:\\\/\\\/www.friseur-rombach.de\\\/\",\"name\":\"Friseur Rombach\",\"description\":\"Ihr Friseur f\u00fcr die ganze Familie\",\"publisher\":{\"@id\":\"https:\\\/\\\/www.friseur-rombach.de\\\/#organization\"},\"potentialAction\":[{\"@type\":\"SearchAction\",\"target\":{\"@type\":\"EntryPoint\",\"urlTemplate\":\"https:\\\/\\\/www.friseur-rombach.de\\\/?s={search_term_string}\"},\"query-input\":{\"@type\":\"PropertyValueSpecification\",\"valueRequired\":true,\"valueName\":\"search_term_string\"}}],\"inLanguage\":\"de\"},{\"@type\":\"Organization\",\"@id\":\"https:\\\/\\\/www.friseur-rombach.de\\\/#organization\",\"name\":\"Friseur Rombach\",\"url\":\"https:\\\/\\\/www.friseur-rombach.de\\\/\",\"logo\":{\"@type\":\"ImageObject\",\"inLanguage\":\"de\",\"@id\":\"https:\\\/\\\/www.friseur-rombach.de\\\/#\\\/schema\\\/logo\\\/image\\\/\",\"url\":\"https:\\\/\\\/www.friseur-rombach.de\\\/wp-content\\\/uploads\\\/2023\\\/06\\\/Friseur-Rombach-Logo-brown-01.png\",\"contentUrl\":\"https:\\\/\\\/www.friseur-rombach.de\\\/wp-content\\\/uploads\\\/2023\\\/06\\\/Friseur-Rombach-Logo-brown-01.png\",\"width\":2852,\"height\":465,\"caption\":\"Friseur Rombach\"},\"image\":{\"@id\":\"https:\\\/\\\/www.friseur-rombach.de\\\/#\\\/schema\\\/logo\\\/image\\\/\"}}]}<\/script>\n<!-- \/ Yoast SEO plugin. -->","yoast_head_json":{"title":"Friseur Rombach Kirchzarten","description":"Friseur Rombach - Ihr Friseur am Bahnhof Kirchzarten! Buchen Sie jetzt den Termin f\u00fcr Haarschnitt, Haarfarbe und mehr. Entdecken Sie unsere Services!","robots":{"index":"index","follow":"follow","max-snippet":"max-snippet:-1","max-image-preview":"max-image-preview:large","max-video-preview":"max-video-preview:-1"},"canonical":"https:\/\/www.friseur-rombach.de\/","og_locale":"de_DE","og_type":"article","og_title":"Friseur Rombach Kirchzarten","og_description":"Friseur Rombach - Ihr Friseur am Bahnhof Kirchzarten! Buchen Sie jetzt den Termin f\u00fcr Haarschnitt, Haarfarbe und mehr. Entdecken Sie unsere Services!","og_url":"https:\/\/www.friseur-rombach.de\/","og_site_name":"Friseur Rombach","article_modified_time":"2025-04-11T18:26:18+00:00","og_image":[{"url":"https:\/\/www.friseur-rombach.de\/wp-content\/uploads\/2023\/06\/Friseur-Rombach-Logo-brown-01.png","type":"","width":"","height":""}],"twitter_card":"summary_large_image","twitter_misc":{"Gesch\u00e4tzte Lesezeit":"39\u00a0Minuten"},"schema":{"@context":"https:\/\/schema.org","@graph":[{"@type":"WebPage","@id":"https:\/\/www.friseur-rombach.de\/","url":"https:\/\/www.friseur-rombach.de\/","name":"Friseur Rombach Kirchzarten","isPartOf":{"@id":"https:\/\/www.friseur-rombach.de\/#website"},"primaryImageOfPage":{"@id":"https:\/\/www.friseur-rombach.de\/#primaryimage"},"image":{"@id":"https:\/\/www.friseur-rombach.de\/#primaryimage"},"thumbnailUrl":"https:\/\/www.friseur-rombach.de\/wp-content\/uploads\/2023\/06\/Friseur-Rombach-Logo-brown-01.png","datePublished":"2023-05-22T18:32:23+00:00","dateModified":"2025-04-11T18:26:18+00:00","description":"Friseur Rombach - Ihr Friseur am Bahnhof Kirchzarten! Buchen Sie jetzt den Termin f\u00fcr Haarschnitt, Haarfarbe und mehr. Entdecken Sie unsere Services!","breadcrumb":{"@id":"https:\/\/www.friseur-rombach.de\/#breadcrumb"},"inLanguage":"de","potentialAction":[{"@type":"ReadAction","target":["https:\/\/www.friseur-rombach.de\/"]}]},{"@type":"ImageObject","inLanguage":"de","@id":"https:\/\/www.friseur-rombach.de\/#primaryimage","url":"https:\/\/www.friseur-rombach.de\/wp-content\/uploads\/2023\/06\/Friseur-Rombach-Logo-brown-01.png","contentUrl":"https:\/\/www.friseur-rombach.de\/wp-content\/uploads\/2023\/06\/Friseur-Rombach-Logo-brown-01.png","width":2852,"height":465},{"@type":"BreadcrumbList","@id":"https:\/\/www.friseur-rombach.de\/#breadcrumb","itemListElement":[{"@type":"ListItem","position":1,"name":"Startseite","item":"https:\/\/www.friseur-rombach.de\/"},{"@type":"ListItem","position":2,"name":"Friseur Rombach"}]},{"@type":"WebSite","@id":"https:\/\/www.friseur-rombach.de\/#website","url":"https:\/\/www.friseur-rombach.de\/","name":"Friseur Rombach","description":"Ihr Friseur f\u00fcr die ganze Familie","publisher":{"@id":"https:\/\/www.friseur-rombach.de\/#organization"},"potentialAction":[{"@type":"SearchAction","target":{"@type":"EntryPoint","urlTemplate":"https:\/\/www.friseur-rombach.de\/?s={search_term_string}"},"query-input":{"@type":"PropertyValueSpecification","valueRequired":true,"valueName":"search_term_string"}}],"inLanguage":"de"},{"@type":"Organization","@id":"https:\/\/www.friseur-rombach.de\/#organization","name":"Friseur Rombach","url":"https:\/\/www.friseur-rombach.de\/","logo":{"@type":"ImageObject","inLanguage":"de","@id":"https:\/\/www.friseur-rombach.de\/#\/schema\/logo\/image\/","url":"https:\/\/www.friseur-rombach.de\/wp-content\/uploads\/2023\/06\/Friseur-Rombach-Logo-brown-01.png","contentUrl":"https:\/\/www.friseur-rombach.de\/wp-content\/uploads\/2023\/06\/Friseur-Rombach-Logo-brown-01.png","width":2852,"height":465,"caption":"Friseur Rombach"},"image":{"@id":"https:\/\/www.friseur-rombach.de\/#\/schema\/logo\/image\/"}}]}},"_links":{"self":[{"href":"https:\/\/www.friseur-rombach.de\/index.php?rest_route=\/wp\/v2\/pages\/334","targetHints":{"allow":["GET"]}}],"collection":[{"href":"https:\/\/www.friseur-rombach.de\/index.php?rest_route=\/wp\/v2\/pages"}],"about":[{"href":"https:\/\/www.friseur-rombach.de\/index.php?rest_route=\/wp\/v2\/types\/page"}],"author":[{"embeddable":true,"href":"https:\/\/www.friseur-rombach.de\/index.php?rest_route=\/wp\/v2\/users\/1"}],"replies":[{"embeddable":true,"href":"https:\/\/www.friseur-rombach.de\/index.php?rest_route=%2Fwp%2Fv2%2Fcomments&post=334"}],"version-history":[{"count":212,"href":"https:\/\/www.friseur-rombach.de\/index.php?rest_route=\/wp\/v2\/pages\/334\/revisions"}],"predecessor-version":[{"id":1490,"href":"https:\/\/www.friseur-rombach.de\/index.php?rest_route=\/wp\/v2\/pages\/334\/revisions\/1490"}],"wp:attachment":[{"href":"https:\/\/www.friseur-rombach.de\/index.php?rest_route=%2Fwp%2Fv2%2Fmedia&parent=334"}],"curies":[{"name":"wp","href":"https:\/\/api.w.org\/{rel}","templated":true}]}}